{"id":23223,"date":"2014-01-09T10:15:17","date_gmt":"2014-01-09T10:15:17","guid":{"rendered":"http:\/\/www.tunaespana.es\/?page_id=23223"},"modified":"2024-12-26T17:00:31","modified_gmt":"2024-12-26T16:00:31","slug":"tradiciones-occidentales-historia-del-belen","status":"publish","type":"page","link":"https:\/\/www.tunaespana.es\/?page_id=23223","title":{"rendered":"Vivan nuestras Tradiciones\u00a1\u00a1\u00a1 : Historia del Bel\u00e9n"},"content":{"rendered":"<p><span style=\"font-size: 6px; color: #000000;\">.<a href=\"http:\/\/www.tunaespana.es\/?attachment_id=32407\" rel=\"attachment wp-att-32407\"><img decoding=\"async\" loading=\"lazy\" class=\"aligncenter size-full wp-image-32407\" src=\"http:\/\/www.tunaespana.es\/wp-content\/uploads\/2014\/01\/TunaEspa\u00f1a-Carlos-Espinosa-Celdran-Don-Dudo-Belen-Delegacion-de-Gobierno-de-Espa\u00f1a-3.jpg\" alt=\"TunaEspa\u00f1a, Carlos Espinosa Celdran, Don Dudo, Belen, Delegacion de Gobierno de Espa\u00f1a\" width=\"694\" height=\"492\" srcset=\"https:\/\/www.tunaespana.es\/wp-content\/uploads\/2014\/01\/TunaEspa\u00f1a-Carlos-Espinosa-Celdran-Don-Dudo-Belen-Delegacion-de-Gobierno-de-Espa\u00f1a-3.jpg 694w, https:\/\/www.tunaespana.es\/wp-content\/uploads\/2014\/01\/TunaEspa\u00f1a-Carlos-Espinosa-Celdran-Don-Dudo-Belen-Delegacion-de-Gobierno-de-Espa\u00f1a-3-300x213.jpg 300w\" sizes=\"(max-width: 694px) 100vw, 694px\" \/><\/a><\/span><\/p>\n<p><span style=\"color: #000000;\">.<a href=\"http:\/\/www.laverdad.es\/murcia\/ciudad-murcia\/201412\/05\/piezas-forman-belen-hebreo-20141205013448-v.html\" rel=\"attachment wp-att-32676\"><img decoding=\"async\" loading=\"lazy\" class=\"aligncenter size-full wp-image-32676\" src=\"http:\/\/www.tunaespana.es\/wp-content\/uploads\/2014\/01\/TunaEspa\u00f1a-Don-Dudo-Carlos-Espinosa-Belen-Navide\u00f1o.jpg\" alt=\"TunaEspa\u00f1a, Don Dudo, Carlos Espinosa, Belen Navide\u00f1o\" width=\"600\" height=\"486\" srcset=\"https:\/\/www.tunaespana.es\/wp-content\/uploads\/2014\/01\/TunaEspa\u00f1a-Don-Dudo-Carlos-Espinosa-Belen-Navide\u00f1o.jpg 600w, https:\/\/www.tunaespana.es\/wp-content\/uploads\/2014\/01\/TunaEspa\u00f1a-Don-Dudo-Carlos-Espinosa-Belen-Navide\u00f1o-300x243.jpg 300w\" sizes=\"(max-width: 600px) 100vw, 600px\" \/><\/a><\/span><\/p>\n<blockquote class=\"embedly-card\" data-card-controls=\"1\" data-card-align=\"center\" data-card-theme=\"light\">\n<h4><a href=\"https:\/\/www.laverdad.es\/murcia\/ciudad-murcia\/201412\/05\/piezas-forman-belen-hebreo-20141205013448-v.html\">400 piezas forman el bel\u00e9n hebreo de la Delegaci\u00f3n del Gobierno | La Verdad<\/a><\/h4>\n<p>La muestra es inaugurada este jeuves y puede ser visitada hasta el 6 de enero<\/p>\n<\/blockquote>\n<p><script async src=\"\/\/cdn.embedly.com\/widgets\/platform.js\" charset=\"UTF-8\"><\/script><\/p>\n<p><a href=\"http:\/\/www.laverdad.es\/murcia\/ciudad-murcia\/201412\/05\/piezas-forman-belen-hebreo-20141205013448-v.html\">http:\/\/www.laverdad.es\/murcia\/ciudad-murcia\/201412\/05\/piezas-forman-belen-hebreo-20141205013448-v.html<\/a><\/p>\n<p style=\"text-align: center;\"><span style=\"color: #000000;\">.<\/span><span style=\"color: #cc99ff;\">400 piezas forman el bel\u00e9n hebreo de la Delegaci\u00f3n del Gobierno<\/span><\/p>\n<p><a href=\"http:\/\/www.tunaespana.es\/wp-content\/uploads\/2014\/01\/TunaEspa\u00f1a-Delegacion-Gobierno-Inauguracion-Belen-Juan-Antonio-Gri\u00f1an-dism.jpg\"><img decoding=\"async\" loading=\"lazy\" class=\"aligncenter size-full wp-image-23234\" src=\"http:\/\/www.tunaespana.es\/wp-content\/uploads\/2014\/01\/TunaEspa\u00f1a-Delegacion-Gobierno-Inauguracion-Belen-Juan-Antonio-Gri\u00f1an-dism.jpg\" alt=\"TunaEspa\u00f1a, Delegacion Gobierno, Inauguracion Belen, Juan Antonio Gri\u00f1an, dism\" width=\"640\" height=\"272\" srcset=\"https:\/\/www.tunaespana.es\/wp-content\/uploads\/2014\/01\/TunaEspa\u00f1a-Delegacion-Gobierno-Inauguracion-Belen-Juan-Antonio-Gri\u00f1an-dism.jpg 640w, https:\/\/www.tunaespana.es\/wp-content\/uploads\/2014\/01\/TunaEspa\u00f1a-Delegacion-Gobierno-Inauguracion-Belen-Juan-Antonio-Gri\u00f1an-dism-300x127.jpg 300w\" sizes=\"(max-width: 640px) 100vw, 640px\" \/><\/a><\/p>\n<p align=\"CENTER\">.<\/p>\n<blockquote class=\"embedly-card\" data-card-controls=\"1\" data-card-align=\"center\" data-card-theme=\"light\">\n<h4><a href=\"https:\/\/www.youtube.com\/watch?v=ye0Zh8dryW8\">TunaEspa\u00f1a, &#038; Bel\u00e9n maestro belenista Juan Antonio Gri\u00f1\u00e1n &#038; Delegacion Gobierno Espa\u00f1a.<\/a><\/h4>\n<p>TunaEspa\u00f1a, en la Inauguraci\u00f3n del Bel\u00e9n Delegaci\u00f3n del Gobierno de Espa\u00f1a. Mons. D. Jos\u00e9 Manuel Lorca Planes, Obispo Di\u00f3cesis de Cartagena, Bendijo La Inauguraci\u00f3n del Bel\u00e9n de la Delegaci\u00f3n del Gobierno de Espa\u00f1a en Murcia, invitado por D. Joaqu\u00edn Bascu\u00f1ana (Delegado de Gobierno). Nos acompa\u00f1\u00f3 D\u00f1a Mar\u00eda Jover Carri\u00f3n La 1era Magistrada en Espa\u00f1a, \u00abMadrina\u00bb De TunaEspa\u00f1a.<\/p>\n<\/blockquote>\n<p><script async src=\"\/\/cdn.embedly.com\/widgets\/platform.js\" charset=\"UTF-8\"><\/script><\/p>\n<p align=\"CENTER\"><span style=\"color: #cc99ff;\"><span style=\"font-family: Times New Roman,serif;\"><span style=\"font-size: medium;\">Dice la historia que <em><span style=\"color: #ff00ff;\"><strong>San Francisco de As\u00eds<\/strong><\/span><\/em>, tras su peregrinaci\u00f3n a los Santos Lugares, celebra la Eucarist\u00eda en la nochebuena de <em><strong><span style=\"color: #ff00ff;\">1223<\/span><\/strong><\/em>, en una cueva del pueblo italiano de Greccio, pr\u00f3ximo al convento del Santo, y con el permiso del <span style=\"color: #ff99cc;\">\u00ab<em><strong>Papa Honorio III\u00bb<\/strong><\/em><\/span>,prepara una representaci\u00f3n de un pesebre con una mula y un buey, consider\u00e1ndose desde entonces esta representaci\u00f3n como el origen del belenismo.<\/span><\/span><\/span><\/p>\n<p align=\"CENTER\"><span style=\"color: #cc99ff; font-size: 14px;\">En el a\u00f1o <span style=\"color: #ff00ff;\">1330<\/span> se instal\u00f3 por primera vez un verdadero bel\u00e9n: en la <em><strong><span style=\"color: #ffcc99;\">iglesia de Santa Clara de N\u00e1poles<\/span><\/strong><\/em>. Las monjas clarisas propagaron la costumbre de colocar al ni\u00f1o Jes\u00fas adornado con ricas vestiduras en un pesebre\/cuna<\/span><\/p>\n<p align=\"JUSTIFY\"><span style=\"color: #cc99ff;\"><span style=\"font-family: Times New Roman,serif;\"><span style=\"font-size: medium;\"><span style=\"color: #ffcc99;\"><em><strong>Hasta el siglo IV<\/strong><\/em><\/span> los detalles del suceso de la Natividad se comunican en secreto, debido a las persecuciones de que eran objeto los cristianos, siendo con Constantino en el a\u00f1o <em><strong>313<\/strong><\/em> cuando aparecen las primeras representaciones gr\u00e1ficas del nacimiento de Jes\u00fas. No obstante, en las catacumbas, donde se reun\u00edan los primeros cristianos para la celebraci\u00f3n de sus actos funerarios, se han encontrado vestigios de representaciones de la Navidad. En la <span style=\"color: #ffcc99;\">\u00ab<em><strong>Catacumba de Priscila\u00bb<\/strong><\/em><\/span> aparece la Virgen con el Ni\u00f1o en brazos, y a su lado, se\u00f1alando hac\u00eda una estrella el profeta Isaias estimando que esta pintura puede datar de los a\u00f1os <span style=\"color: #ff00ff;\">180 \u00f3 200 D.C. <\/span><\/span><\/span><\/span><\/p>\n<p align=\"JUSTIFY\"><a href=\"http:\/\/www.tunaespana.es\/wp-content\/uploads\/2014\/01\/TunaEspa\u00f1a-Catacumba.jpg\"><img decoding=\"async\" loading=\"lazy\" class=\"aligncenter size-full wp-image-23229\" src=\"http:\/\/www.tunaespana.es\/wp-content\/uploads\/2014\/01\/TunaEspa\u00f1a-Catacumba.jpg\" alt=\"TunaEspa\u00f1a ,Catacumba\" width=\"266\" height=\"200\" \/><\/a><\/p>\n<p style=\"text-align: center;\" align=\"JUSTIFY\"><span style=\"font-size: 12px; color: #ff99cc;\">La Virgen con el Ni\u00f1o en brazos (\u00ab<em><strong>Catacumba de Priscila\u00bb<\/strong><\/em>) 180 \u00f3 200 a\u00f1o D.C.<\/span><\/p>\n<p align=\"JUSTIFY\"><span style=\"color: #cc99ff;\"><span style=\"font-family: Times New Roman,serif;\"><span style=\"font-size: medium;\">A partir del siglo IV las representaciones del Nacimiento y la Epifan\u00eda son mucho m\u00e1s numerosas que las de la Pasi\u00f3n, siendo en el siglo VII cuando el <span style=\"color: #ffcc99;\"><em><strong>Papa Teodoro<\/strong><\/em><\/span> manda construir en el interior de la <span style=\"color: #ffcc99;\"><em><strong>Iglesia de Santa Mar\u00eda la Mayor, de Roma<\/strong><\/em>,<\/span> un oratorio reproducci\u00f3n de la cueva de Bel\u00e9n. <\/span><\/span><\/span><\/p>\n<p align=\"JUSTIFY\"><span style=\"color: #cc99ff;\"><span style=\"font-family: Times New Roman,serif;\"><span style=\"font-size: medium;\">No obstante, es en el siglo XIII cuando surje la forma iconogr\u00e1fica de representar el Bel\u00e9n, con estatuas independientes agrupadas para formar una escena. Con anterioridad, el <span style=\"color: #ffcc99;\"><em><strong>arte rom\u00e1nico<\/strong><\/em><\/span> produjo gran variedad de motivos navide\u00f1os que ornamentaban capiteles, portadas de claustros, monasterios, etc.. <\/span><\/span><\/span><\/p>\n<p style=\"text-align: center;\" align=\"JUSTIFY\"><a href=\"http:\/\/www.tunaespana.es\/wp-content\/uploads\/2014\/01\/TunaEspa\u00f1a-Adoracion_delos_magos.-Capitel-San-Juan-De-La-Pe\u00f1a-Espa\u00f1a-dism-dism.jpg\"><img decoding=\"async\" loading=\"lazy\" class=\"aligncenter size-full wp-image-23228\" src=\"http:\/\/www.tunaespana.es\/wp-content\/uploads\/2014\/01\/TunaEspa\u00f1a-Adoracion_delos_magos.-Capitel-San-Juan-De-La-Pe\u00f1a-Espa\u00f1a-dism-dism.jpg\" alt=\"TunaEspa\u00f1a, Adoracion_delos_magos., Capitel, San Juan De La Pe\u00f1a, Espa\u00f1a, dism, dism\" width=\"189\" height=\"170\" \/><\/a><strong><span style=\"font-size: 12px; color: #ff99cc;\">Adoraci\u00f3n de los Reyes Magos., Capitel, Monasterio, San Juan De La Pe\u00f1a,\u00a0 Huesca, Espa\u00f1a<\/span><\/strong><\/p>\n<p align=\"JUSTIFY\"><span style=\"color: #cc99ff;\"><span style=\"font-family: Times New Roman,serif;\"><span style=\"font-size: medium;\">Y es que la escultura rom\u00e1nica religiosa cumpl\u00eda dos fines, ya que adem\u00e1s del motivo ornamental entra\u00f1aba un verdadero sistema did\u00e1ctico por el que se trata de ense\u00f1ar al pueblo a trav\u00e9s de la imagen. Espa\u00f1a es una de las naciones m\u00e1s favorecidas en el arte rom\u00e1nico, por lo que se dan abundantes representaciones de este tipo: Adoraci\u00f3n de los Reyes de la catedral de Tarragona, los capiteles del <span style=\"color: #ffcc99;\"><em><strong>monasterio de San Juan de la Pe\u00f1a<\/strong><\/em><\/span>, en San Pedro de la R\u00faa de Estella, Santo Domingo de Silos, etc. <\/span><\/span><\/span><\/p>\n<p align=\"JUSTIFY\"><a href=\"http:\/\/www.tunaespana.es\/wp-content\/uploads\/2014\/01\/TunaEspa\u00f1a-capitel-del-claustro-de-la-iglesia-de-San-Pedro-de-Soria-del-siglo-X.jpg\"><img decoding=\"async\" loading=\"lazy\" class=\"aligncenter size-full wp-image-23233\" src=\"http:\/\/www.tunaespana.es\/wp-content\/uploads\/2014\/01\/TunaEspa\u00f1a-capitel-del-claustro-de-la-iglesia-de-San-Pedro-de-Soria-del-siglo-X.jpg\" alt=\"TunaEspa\u00f1a, capitel del claustro de la iglesia de San Pedro de Soria, del siglo X\" width=\"300\" height=\"202\" \/><\/a><\/p>\n<p style=\"text-align: center;\"><strong><span style=\"font-size: 12px; color: #ff99cc;\">Los Reyes Magos en las piedras talladas de las iglesias rom\u00e1nicas, como en este capitel del claustro de la iglesia de San Pedro de Soria<\/span><\/strong><\/p>\n<p align=\"JUSTIFY\"><span style=\"color: #cc99ff;\"><span style=\"font-family: Times New Roman,serif;\"><span style=\"font-size: medium;\">Es <span style=\"color: #ffcc99;\"><em><strong>Arnolfo de Cambio<\/strong><\/em><\/span>, en el a\u00f1o 1290, al que puede considerarse el primer \u00abfigurista\u00bb del Bel\u00e9n. Este arquitecto de la Catedral de Florencia tall\u00f3 figuras en m\u00e1rmol blanco, parte de las cuales se conservan a\u00fan en la <span style=\"color: #ffcc99;\"><em><strong>Iglesia<\/strong><\/em> <em><strong>Santa Mar\u00eda la Mayor de Roma<\/strong><\/em><\/span>.<\/span><\/span><\/span><\/p>\n<p align=\"JUSTIFY\"><a href=\"http:\/\/www.tunaespana.es\/wp-content\/uploads\/2014\/01\/Tuna-Espa\u00f1a-Arnolfo-di-Cambio-belen-figuras-santa-maria-mayor.jpg\"><img decoding=\"async\" loading=\"lazy\" class=\"aligncenter size-full wp-image-23231\" src=\"http:\/\/www.tunaespana.es\/wp-content\/uploads\/2014\/01\/Tuna-Espa\u00f1a-Arnolfo-di-Cambio-belen-figuras-santa-maria-mayor.jpg\" alt=\"Tuna Espa\u00f1a, Arnolfo-di-Cambio-belen-figuras-santa-maria-mayor\" width=\"344\" height=\"210\" srcset=\"https:\/\/www.tunaespana.es\/wp-content\/uploads\/2014\/01\/Tuna-Espa\u00f1a-Arnolfo-di-Cambio-belen-figuras-santa-maria-mayor.jpg 344w, https:\/\/www.tunaespana.es\/wp-content\/uploads\/2014\/01\/Tuna-Espa\u00f1a-Arnolfo-di-Cambio-belen-figuras-santa-maria-mayor-300x183.jpg 300w\" sizes=\"(max-width: 344px) 100vw, 344px\" \/><\/a><\/p>\n<p align=\"JUSTIFY\"><span style=\"color: #cc99ff;\"><span style=\"font-family: Times New Roman,serif;\"><span style=\"font-size: medium;\">A partir del <em><strong>Concilio de Trento<\/strong><\/em> (Se Inaugur\u00f3 en 1545, y se clausur\u00f3 el 4 de diciembre de 1563) el tema de la Navidad toma un nuevo impulso instal\u00e1ndose paulatinamente en todas las iglesias belenes en la \u00e9poca navide\u00f1a, algunos representando \u00fanicamente a la Sagrada Familia, otros a\u00f1aden a los Magos y pastores y otros gran n\u00famero de personajes simbolizando la adhesi\u00f3n a los mismos de la poblaci\u00f3n local. <\/span><\/span><\/span><\/p>\n<p align=\"CENTER\"><span style=\"color: #cc99ff;\"><span style=\"font-family: Times New Roman,serif;\"><span style=\"font-size: medium;\">En <span style=\"color: #ff0000;\"><strong>Es<span style=\"color: #ffff00;\">pa<\/span>\u00f1a<\/strong><\/span>, el Bel\u00e9n es introducido por la <span style=\"color: #ff99cc;\"><em><strong>orden franciscana<\/strong><\/em><\/span> en el <em><strong>siglo XV.<\/strong><\/em> <\/span><\/span><\/span><\/p>\n<p><span style=\"color: #cc99ff;\"><span style=\"font-family: Times New Roman,serif;\"><span style=\"font-size: medium;\">Del siglo XVI todav\u00eda se conserva el Bel\u00e9n de Coral en el <em><strong><span style=\"color: #ffcc99;\">Monasterio de las Descalzas Reales de Madrid<\/span><\/strong><\/em>, todas las figuras est\u00e1n talladas en coral, plata y bronce, desconoci\u00e9ndose su autor o autores.<\/span><\/span> Autores como <strong>Mart\u00ednez Monta\u00f1\u00e9s<\/strong> en el siglo <em><strong>XVI<\/strong><\/em>, <em><strong>Luisa Rold\u00e1n \u00abLa Roldana\u00bb<\/strong><\/em> en el siglo <em><strong>XVII<\/strong><\/em>, contribuyeron con sus esculturas al auge que posteriormente tomar\u00eda la instalaci\u00f3n de belenes.<\/span><\/p>\n<p><span style=\"color: #cc99ff;\">Como an\u00e9cdota de este siglo XVII, basta observar lo que en el inventario de bienes de<\/span> <em><span style=\"color: #ff99cc;\"><strong>\u00abLope de Vega\u00bb<\/strong><\/span><\/em>, <span style=\"color: #cc99ff;\">consta las figuras de un bel\u00e9n que se pon\u00eda en su casa.<\/span><\/p>\n<p style=\"text-align: left;\" align=\"CENTER\"><span style=\"color: #cc99ff;\"><span style=\"font-family: Times New Roman,serif;\"><span style=\"font-size: medium;\">Es en el siglo <em><strong>XVIII<\/strong> <\/em>cuando el <span style=\"color: #ffcc99;\"><em><strong>Rey Carlos III<\/strong><\/em><\/span>, al abandonar el trono de N\u00e1poles para convertirse en <em><strong>Rey de <span style=\"color: #ff0000;\">Es<span style=\"color: #ffff00;\">pa<\/span>\u00f1a<\/span><\/strong><\/em>, introduce en la Corte madrile\u00f1a la devoci\u00f3n por este conjunto religioso. Carlos III, que hab\u00eda hecho del nacimiento una instituci\u00f3n nacional en Italia mientras ocup\u00f3 el trono de N\u00e1poles, introdujo el arte del belenismo en Espa\u00f1a, encargando m\u00e1s de 200 figuras a los artistas valencianos <span style=\"color: #ff99cc;\"><em><strong>Jos\u00e9 Est\u00e9vez Bonet y Jos\u00e9 Gin\u00e9s Mar\u00edn y al imaginero murciano Salzillo<\/strong><\/em><\/span>, que construyeran figuras para una de las creaciones m\u00e1s queridas: <em><strong>\u00ab<span style=\"color: #ffcc99;\">El bel\u00e9n del pr\u00edncipe\u00bb<\/span><\/strong><\/em>, para su hijo, el futuro <span style=\"color: #ffcc99;\"><strong><em>Rey Carlos IV<\/em><\/strong><\/span>. Este bel\u00e9n se caracteriza por tener figuras de diferentes tama\u00f1os para una acertada perspectiva al ser colocadas. A\u00fan se conservan muchas figuras en el <span style=\"color: #ffcc99;\"><em><strong>Palacio Real.\u00a0<\/strong><\/em><\/span><\/span><\/span><\/span><\/p>\n<p style=\"text-align: left;\" align=\"CENTER\"><a href=\"http:\/\/www.tunaespana.es\/wp-content\/uploads\/2014\/01\/TunaEspa\u00f1a-belen-DEl-Principe-Palacio-Real-Madrid.jpg\"><img decoding=\"async\" loading=\"lazy\" class=\"aligncenter size-full wp-image-23232\" src=\"http:\/\/www.tunaespana.es\/wp-content\/uploads\/2014\/01\/TunaEspa\u00f1a-belen-DEl-Principe-Palacio-Real-Madrid.jpg\" alt=\"TunaEspa\u00f1a, belen DEl Principe Palacio Real Madrid\" width=\"320\" height=\"228\" srcset=\"https:\/\/www.tunaespana.es\/wp-content\/uploads\/2014\/01\/TunaEspa\u00f1a-belen-DEl-Principe-Palacio-Real-Madrid.jpg 320w, https:\/\/www.tunaespana.es\/wp-content\/uploads\/2014\/01\/TunaEspa\u00f1a-belen-DEl-Principe-Palacio-Real-Madrid-300x213.jpg 300w\" sizes=\"(max-width: 320px) 100vw, 320px\" \/><\/a><\/p>\n<p style=\"text-align: center;\" align=\"CENTER\"><span style=\"font-size: 12px; color: #ff99cc;\"><strong>\u00abBel\u00e9n del Principe\u00bb, en el Palacio Real, Madrid (Regalo del Rey Carlos III, a su Hijo,futuro Carlos IV<\/strong><\/span><\/p>\n<p><span style=\"color: #cc99ff;\">Destacar tambi\u00e9n al imaginero <span style=\"color: #ffcc99;\"><em><strong>murciano Francisco Salcillo<\/strong><\/em> <\/span>(siglo XVIII) por sus aportaciones al belenismo en Espa\u00f1a. Un monumental bel\u00e9n encargado por el <em><strong>Marqu\u00e9s de Riquelme<\/strong><\/em> con m\u00e1s de 900 figuras que se conserva casi completo en el <span style=\"color: #ffcc99;\"><em><strong>Museo Salcillo de Murcia<\/strong><\/em><\/span>.<\/span><\/p>\n<p style=\"text-align: center;\" align=\"CENTER\"><span style=\"color: #cc99ff;\"><span style=\"font-family: Times New Roman,serif;\"><span style=\"font-size: medium;\"><a href=\"http:\/\/www.tunaespana.es\/wp-content\/uploads\/2014\/01\/tunaespa\u00f1a-Cortejo-de-Reyes-Salzillo.jpg\"><img decoding=\"async\" loading=\"lazy\" class=\"aligncenter size-full wp-image-23226\" src=\"http:\/\/www.tunaespana.es\/wp-content\/uploads\/2014\/01\/tunaespa\u00f1a-Cortejo-de-Reyes-Salzillo.jpg\" alt=\"tunaespa\u00f1a, Cortejo de Reyes (Salzillo)\" width=\"400\" height=\"185\" srcset=\"https:\/\/www.tunaespana.es\/wp-content\/uploads\/2014\/01\/tunaespa\u00f1a-Cortejo-de-Reyes-Salzillo.jpg 400w, https:\/\/www.tunaespana.es\/wp-content\/uploads\/2014\/01\/tunaespa\u00f1a-Cortejo-de-Reyes-Salzillo-300x138.jpg 300w\" sizes=\"(max-width: 400px) 100vw, 400px\" \/><\/a><\/span><\/span><\/span><\/p>\n<p style=\"text-align: center;\" align=\"CENTER\"><span style=\"color: #ff00ff;\"><em><span style=\"font-size: 12px;\"><b>Francisco Salzillo Alcazar<\/b> es el m\u00e1s famoso imaginero del barroco <span style=\"color: #ff0000;\"><strong>es<span style=\"color: #ffff00;\">pa\u00f1<\/span>ol<\/strong><\/span>. La composici\u00f3n de su nacimiento, de 1776, es ampl\u00edsima y cubre todos los episodios del ciclo de la Natividad, aqui vemos su<\/span><\/em><\/span> <span style=\"color: #cc99ff;\"><span style=\"font-family: Times New Roman,serif;\"><span style=\"font-size: medium;\"><span style=\"font-size: 12px;\"><em><strong><span style=\"color: #ff99cc;\">Cortejo de Reyes<br \/>\n<\/span><\/strong><\/em><\/span><\/span><\/span><\/span><\/p>\n<p style=\"text-align: center;\" align=\"CENTER\"><a href=\"http:\/\/www.tunaespana.es\/wp-content\/uploads\/2014\/01\/TunaEspa\u00f1a-Felicitacion-Navidad-2013-3.jpg\"><img decoding=\"async\" loading=\"lazy\" class=\"aligncenter size-full wp-image-23225\" src=\"http:\/\/www.tunaespana.es\/wp-content\/uploads\/2014\/01\/TunaEspa\u00f1a-Felicitacion-Navidad-2013-3.jpg\" alt=\"TunaEspa\u00f1a Felicitacion Navidad 2013, 3\" width=\"324\" height=\"236\" srcset=\"https:\/\/www.tunaespana.es\/wp-content\/uploads\/2014\/01\/TunaEspa\u00f1a-Felicitacion-Navidad-2013-3.jpg 324w, https:\/\/www.tunaespana.es\/wp-content\/uploads\/2014\/01\/TunaEspa\u00f1a-Felicitacion-Navidad-2013-3-300x218.jpg 300w\" sizes=\"(max-width: 324px) 100vw, 324px\" \/><\/a><\/p>\n<p><span style=\"color: #cc99ff;\">Los impulsores y artesanos m\u00e1s importantes de la historia del belenismo en Espa\u00f1a, desde el origen del bel\u00e9n hasta nuestros d\u00edas ,son entre otros Fray Eugenio de Torices, La Roldana, Carlos III, Francisco Salzillo , la escuela murciana, la escuela de Olot, la escuela granadina y la jerezana.. Desde los primeros belenes espa\u00f1oles, la ejecuci\u00f3n material de las figurillas tiene una tendencia especial, \u00abla policrom\u00eda\u00bb sobre madera o barro, emple\u00e1ndose lienzo en algunas de ellas como en la escuela murciana.<\/span><\/p>\n<p><a href=\"http:\/\/www.tunaespana.es\/wp-content\/uploads\/2014\/01\/TunaEspa\u00f1a-Delegacion-Gobierno-Inauguracion-Belen-Juan-Antonio-Gri\u00f1an-cancionero-tuna-dism.jpg\"><img decoding=\"async\" loading=\"lazy\" class=\"aligncenter size-full wp-image-23238\" src=\"http:\/\/www.tunaespana.es\/wp-content\/uploads\/2014\/01\/TunaEspa\u00f1a-Delegacion-Gobierno-Inauguracion-Belen-Juan-Antonio-Gri\u00f1an-cancionero-tuna-dism.jpg\" alt=\"TunaEspa\u00f1a, Delegacion Gobierno, Inauguracion Belen, Juan Antonio Gri\u00f1an, cancionero tuna dism\" width=\"619\" height=\"263\" srcset=\"https:\/\/www.tunaespana.es\/wp-content\/uploads\/2014\/01\/TunaEspa\u00f1a-Delegacion-Gobierno-Inauguracion-Belen-Juan-Antonio-Gri\u00f1an-cancionero-tuna-dism.jpg 619w, https:\/\/www.tunaespana.es\/wp-content\/uploads\/2014\/01\/TunaEspa\u00f1a-Delegacion-Gobierno-Inauguracion-Belen-Juan-Antonio-Gri\u00f1an-cancionero-tuna-dism-300x127.jpg 300w\" sizes=\"(max-width: 619px) 100vw, 619px\" \/><\/a><\/p>\n<p style=\"text-align: center;\" align=\"CENTER\"><span style=\"color: #ff99cc; font-size: 12px;\">\u00abTunaEspa\u00f1a\u00bb invitada por Delegacion del Gobierno de Espa\u00f1a, a la inauguracion de su Belen, que fue bendecido por el Se\u00f1or Obispo de la Diocesis Jos\u00e9 Manuel Lorca Planes, en Presencia de afamado\u00a0 Maestro Belenista Espa\u00f1ol \u00abJuan Antonio Gri\u00f1an\u00bb.y del Delegado Gobierno, D. Joaqu\u00edn Bascu\u00f1ana<\/span><\/p>\n<p style=\"text-align: center;\" align=\"CENTER\"><span style=\"color: #cc99ff;\"><span style=\"font-family: Times New Roman,serif;\"><span style=\"font-size: medium;\">Actualmente existen muy buenos imagineros en Espa\u00f1a , como Jos\u00e9 Lu\u00eds Mayo Lebrija, Mart\u00edn Castells y Mart\u00ed, los murcianos Jos\u00e9 Nicol\u00e1s Almansa, los <em><strong>hermanos Gri\u00f1\u00e1n<\/strong><\/em>, Serrano, Amo ,Guill\u00e9n, Gal\u00e1n ,Amo, Decorate y otros, en Granada tenemos a Jos\u00e9 Miranda y Jes\u00fas Jimenez continuador de la escuela barroca granadina de su abuelo Rada, y Jerez con Pedro Ram\u00edrez Pazos, un maestro cada vez m\u00e1s destacado en la realizaci\u00f3n de esculturas para el Bel\u00e9n.<\/span><\/span><\/span><\/p>\n<p style=\"text-align: center;\" align=\"CENTER\"><a href=\"http:\/\/www.tunaespana.es\/wp-content\/uploads\/2014\/01\/TunaEspa\u00f1a-Delegacion-Gobierno-Murcia-Inauguracion-Belen-musica-tuna-Programa.jpg\"><img decoding=\"async\" loading=\"lazy\" class=\"aligncenter size-full wp-image-23239\" src=\"http:\/\/www.tunaespana.es\/wp-content\/uploads\/2014\/01\/TunaEspa\u00f1a-Delegacion-Gobierno-Murcia-Inauguracion-Belen-musica-tuna-Programa.jpg\" alt=\"TunaEspa\u00f1a, Delegacion Gobierno, Murcia, Inauguracion Belen, musica tuna, Programa\" width=\"578\" height=\"396\" srcset=\"https:\/\/www.tunaespana.es\/wp-content\/uploads\/2014\/01\/TunaEspa\u00f1a-Delegacion-Gobierno-Murcia-Inauguracion-Belen-musica-tuna-Programa.jpg 578w, https:\/\/www.tunaespana.es\/wp-content\/uploads\/2014\/01\/TunaEspa\u00f1a-Delegacion-Gobierno-Murcia-Inauguracion-Belen-musica-tuna-Programa-300x205.jpg 300w\" sizes=\"(max-width: 578px) 100vw, 578px\" \/><\/a><\/p>\n<p style=\"text-align: left;\" align=\"CENTER\"><span style=\"color: #cc99ff;\">Los datos de que dispone el belenista es el suceso en s\u00ed, y lo encuentra solamente en dos <em><strong>Evangelios Can\u00f3nicos, los de Mateo y Lucas<\/strong><\/em>, o en los Evangelios Ap\u00f3crifos (no reconocidos por la Iglesia Cat\u00f3lica).<\/span><\/p>\n<p style=\"text-align: left;\" align=\"CENTER\"><a href=\"http:\/\/www.tunaespana.es\/wp-content\/uploads\/2014\/01\/TunaEspa\u00f1a-Delegacion-Gobierno-Murcia-Inauguracion-Belen-musica-tuna-cancionero-tunabuen-tunar-dism.jpg\"><img decoding=\"async\" loading=\"lazy\" class=\"aligncenter size-full wp-image-23245\" src=\"http:\/\/www.tunaespana.es\/wp-content\/uploads\/2014\/01\/TunaEspa\u00f1a-Delegacion-Gobierno-Murcia-Inauguracion-Belen-musica-tuna-cancionero-tunabuen-tunar-dism.jpg\" alt=\"TunaEspa\u00f1a, Delegacion Gobierno, Murcia, Inauguracion Belen, musica tuna, cancionero tuna,buen tunar, dism\" width=\"687\" height=\"292\" srcset=\"https:\/\/www.tunaespana.es\/wp-content\/uploads\/2014\/01\/TunaEspa\u00f1a-Delegacion-Gobierno-Murcia-Inauguracion-Belen-musica-tuna-cancionero-tunabuen-tunar-dism.jpg 687w, https:\/\/www.tunaespana.es\/wp-content\/uploads\/2014\/01\/TunaEspa\u00f1a-Delegacion-Gobierno-Murcia-Inauguracion-Belen-musica-tuna-cancionero-tunabuen-tunar-dism-300x127.jpg 300w\" sizes=\"(max-width: 687px) 100vw, 687px\" \/><\/a><\/p>\n<p style=\"text-align: left;\" align=\"CENTER\"><span style=\"color: #000000;\">\u00a0.<\/span><\/p>\n<blockquote class=\"embedly-card\" data-card-controls=\"1\" data-card-align=\"center\" data-card-theme=\"light\">\n<h4><a href=\"https:\/\/www.youtube.com\/watch?v=nAKvYuh35t8\">TunaEspa\u00f1a &#038; Campanitas,@ Navidad @ Villancicos &#038; Bel\u00e9n Palacio Episcopal &#038; Excmo. Mons. Sr. Obispo.<\/a><\/h4>\n<p>Jueves 30 de Diciembre, Nos recibe Excmo. y Rvdmo. Mons. D. Jos\u00e9 Manuel Lorca Planes, Obispo Di\u00f3cesis de Cartagena, en el Palacio Episcopal, para cantar unos villancicos en el Bel\u00e9n del Palacio, y tomar unos dulces navide\u00f1os, regados con Mistela (No hay que perder las costumbres, ni las tradiciones).Un Muy Fuerte DonDudoAbrazo, Feliz Navidad.<\/p>\n<\/blockquote>\n<p><script async src=\"\/\/cdn.embedly.com\/widgets\/platform.js\" charset=\"UTF-8\"><\/script><\/p>\n<p style=\"text-align: center;\" align=\"CENTER\"><span style=\"color: #999999;\">.Jueves 30 de Diciembre, Nos recibe Excmo. y Rvdmo. Mons. D. Jos\u00e9 Manuel Lorca Planes, Obispo Di\u00f3cesis de Cartagena, en el Palacio Episcopal, para cantar unos villancicos en el Bel\u00e9n del Palacio. Un Muy Fuerte DonDudoAbrazo, Feliz Navidad. Dios Os Bendiga<\/span><\/p>\n<p style=\"text-align: center;\" align=\"CENTER\"><span style=\"color: #999999;\">&#8230;&#8230;&#8230;&#8230;DEL HOGAR BENDITO DONDE ME CRI\u00c9, AQUELLA VIEJITA QUE TANTO ADOR\u00c9, <span style=\"color: #ffff00;\">MI MADRE DEL ALMA<\/span> QUE NO OLVIDAR\u00c9&#8230;&#8230;&#8230;&#8230;&#8230;&#8230;<\/span><\/p>\n<p style=\"text-align: left;\" align=\"CENTER\"><a href=\"https:\/\/www.tunaespana.es\/?attachment_id=35455\" rel=\"attachment wp-att-35455\"><img decoding=\"async\" loading=\"lazy\" class=\"aligncenter size-full wp-image-35455\" src=\"https:\/\/www.tunaespana.es\/wp-content\/uploads\/2014\/01\/DonDudo-Belen-Obispo-Carlos-Espinosa.jpg\" alt=\"DonDudo, Belen, Obispo, Carlos Espinosa\" width=\"615\" height=\"473\" srcset=\"https:\/\/www.tunaespana.es\/wp-content\/uploads\/2014\/01\/DonDudo-Belen-Obispo-Carlos-Espinosa.jpg 615w, https:\/\/www.tunaespana.es\/wp-content\/uploads\/2014\/01\/DonDudo-Belen-Obispo-Carlos-Espinosa-300x231.jpg 300w\" sizes=\"(max-width: 615px) 100vw, 615px\" \/><\/a><\/p>\n<p style=\"text-align: left;\" align=\"CENTER\">.<\/p>\n<p align=\"CENTER\"><a href=\"https:\/\/www.tunaespana.es\/?attachment_id=39193\" rel=\"attachment wp-att-39193\"><img decoding=\"async\" loading=\"lazy\" class=\"aligncenter size-full wp-image-39193\" src=\"https:\/\/www.tunaespana.es\/wp-content\/uploads\/BUENASin-t3itulo2op58lon23693693636.jpg\" alt=\"\" width=\"320\" height=\"320\" srcset=\"https:\/\/www.tunaespana.es\/wp-content\/uploads\/BUENASin-t3itulo2op58lon23693693636.jpg 320w, https:\/\/www.tunaespana.es\/wp-content\/uploads\/BUENASin-t3itulo2op58lon23693693636-300x300.jpg 300w, https:\/\/www.tunaespana.es\/wp-content\/uploads\/BUENASin-t3itulo2op58lon23693693636-150x150.jpg 150w\" sizes=\"(max-width: 320px) 100vw, 320px\" \/><\/a><\/p>\n<p style=\"text-align: left;\" align=\"CENTER\"><span style=\"color: #000000;\">.<\/span><\/p>\n<p style=\"text-align: left;\" align=\"CENTER\">\n","protected":false},"excerpt":{"rendered":"<p>. . 400 piezas forman el bel\u00e9n hebreo de la Delegaci\u00f3n del Gobierno | La Verdad La muestra es inaugurada este jeuves y puede ser visitada hasta el 6 de enero http:\/\/www.laverdad.es\/murcia\/ciudad-murcia\/201412\/05\/piezas-forman-belen-hebreo-20141205013448-v.html .400 piezas forman el bel\u00e9n hebreo de la Delegaci\u00f3n del Gobierno . TunaEspa\u00f1a, &#038; Bel\u00e9n maestro belenista Juan Antonio Gri\u00f1\u00e1n &#038; Delegacion Gobierno [&hellip;]<\/p>\n","protected":false},"author":2,"featured_media":0,"parent":0,"menu_order":7,"comment_status":"closed","ping_status":"closed","template":"","meta":[],"_links":{"self":[{"href":"https:\/\/www.tunaespana.es\/index.php?rest_route=\/wp\/v2\/pages\/23223"}],"collection":[{"href":"https:\/\/www.tunaespana.es\/index.php?rest_route=\/wp\/v2\/pages"}],"about":[{"href":"https:\/\/www.tunaespana.es\/index.php?rest_route=\/wp\/v2\/types\/page"}],"author":[{"embeddable":true,"href":"https:\/\/www.tunaespana.es\/index.php?rest_route=\/wp\/v2\/users\/2"}],"replies":[{"embeddable":true,"href":"https:\/\/www.tunaespana.es\/index.php?rest_route=%2Fwp%2Fv2%2Fcomments&post=23223"}],"version-history":[{"count":26,"href":"https:\/\/www.tunaespana.es\/index.php?rest_route=\/wp\/v2\/pages\/23223\/revisions"}],"predecessor-version":[{"id":39194,"href":"https:\/\/www.tunaespana.es\/index.php?rest_route=\/wp\/v2\/pages\/23223\/revisions\/39194"}],"wp:attachment":[{"href":"https:\/\/www.tunaespana.es\/index.php?rest_route=%2Fwp%2Fv2%2Fmedia&parent=23223"}],"curies":[{"name":"wp","href":"https:\/\/api.w.org\/{rel}","templated":true}]}}