{"id":32538,"date":"2017-10-13T16:16:25","date_gmt":"2017-10-13T16:16:25","guid":{"rendered":"http:\/\/www.tunaespana.es\/?page_id=32538"},"modified":"2024-09-24T16:59:03","modified_gmt":"2024-09-24T14:59:03","slug":"tunaespana-conciertos-beneficos","status":"publish","type":"page","link":"https:\/\/www.tunaespana.es\/","title":{"rendered":"TunaEspa\u00f1a  \u00abConciertos BEN\u00c9FICOS \/ SOLIDARIOS\u00bb"},"content":{"rendered":"<p style=\"text-align: center;\">.<\/p>\n<blockquote class=\"embedly-card\" data-card-controls=\"1\" data-card-align=\"center\" data-card-theme=\"light\">\n<h4><a href=\"https:\/\/almeriaciudad.es\/cultura\/evento\/tuna-espana-benefico-favor-de-la-asociacion-anda\">TUNA ESPA\u00d1A &#8211; BEN\u00c9FICO A FAVOR DE LA ASOCIACI\u00d3N ANDA<\/a><\/h4>\n<p>CONCIERTO BEN\u00c9FICO A FAVOR DE LA ASOCIACI\u00d3N DE NI\u00d1OS CON DISCAPACIDAD DE ALMER\u00cdA<\/p>\n<\/blockquote>\n<p><script async src=\"\/\/cdn.embedly.com\/widgets\/platform.js\" charset=\"UTF-8\"><\/script><\/p>\n<p>.<\/p>\n<p><a href=\"https:\/\/www.tunaespana.es\/?attachment_id=37043\" rel=\"attachment wp-att-37043\"><img decoding=\"async\" loading=\"lazy\" class=\"aligncenter size-full wp-image-37043\" src=\"https:\/\/www.tunaespana.es\/wp-content\/uploads\/TunaEspana-Toledo-actuacion-benefica-Caritas-diocesana-DonDudo.jpg\" alt=\"\" width=\"454\" height=\"640\" srcset=\"https:\/\/www.tunaespana.es\/wp-content\/uploads\/TunaEspana-Toledo-actuacion-benefica-Caritas-diocesana-DonDudo.jpg 454w, https:\/\/www.tunaespana.es\/wp-content\/uploads\/TunaEspana-Toledo-actuacion-benefica-Caritas-diocesana-DonDudo-213x300.jpg 213w\" sizes=\"(max-width: 454px) 100vw, 454px\" \/><\/a><\/p>\n<p>.<\/p>\n<p><a href=\"https:\/\/www.tunaespana.es\/?attachment_id=37044\" rel=\"attachment wp-att-37044\"><img decoding=\"async\" loading=\"lazy\" class=\"aligncenter size-full wp-image-37044\" src=\"https:\/\/www.tunaespana.es\/wp-content\/uploads\/TunaEspana-Caritas-Diocesana-actuacion-benefica-Cordoba.jpg\" alt=\"\" width=\"549\" height=\"775\" srcset=\"https:\/\/www.tunaespana.es\/wp-content\/uploads\/TunaEspana-Caritas-Diocesana-actuacion-benefica-Cordoba.jpg 549w, https:\/\/www.tunaespana.es\/wp-content\/uploads\/TunaEspana-Caritas-Diocesana-actuacion-benefica-Cordoba-213x300.jpg 213w\" sizes=\"(max-width: 549px) 100vw, 549px\" \/><\/a><\/p>\n<p>.<\/p>\n<blockquote class=\"embedly-card\" data-card-controls=\"1\" data-card-align=\"center\" data-card-theme=\"light\">\n<h4><a href=\"https:\/\/www.youtube.com\/watch?v=I0uj9PuaD1M\">TunaEspa\u00f1a &#038; Gran Teatro &#038; (resumen) Concierto Ben\u00e9fico para C\u00e1ritas Diocesana C\u00f3rdoba<\/a><\/h4>\n<p>Concierto de TunaEspa\u00f1a en el Gran Teatro \u00abC\u00f3rdoba\u00bb, Espa\u00f1a, de 90 minutos. Llenazo Completo, Ni una plaza Libre, Todo el teatro abarrotado. Toda la recaudaci\u00f3n integra, donada para Caritas Diocesana.<\/p>\n<\/blockquote>\n<p><script async src=\"\/\/cdn.embedly.com\/widgets\/platform.js\" charset=\"UTF-8\"><\/script><\/p>\n<p>.<\/p>\n<p><a href=\"https:\/\/www.tunaespana.es\/?attachment_id=37046\" rel=\"attachment wp-att-37046\"><img decoding=\"async\" loading=\"lazy\" class=\"aligncenter size-full wp-image-37046\" src=\"https:\/\/www.tunaespana.es\/wp-content\/uploads\/TunaEspana-Caritas-Diocesana-actuacion-benefica-Cordoba-dondudo-Gran-Teatro.jpg\" alt=\"\" width=\"799\" height=\"232\" srcset=\"https:\/\/www.tunaespana.es\/wp-content\/uploads\/TunaEspana-Caritas-Diocesana-actuacion-benefica-Cordoba-dondudo-Gran-Teatro.jpg 799w, https:\/\/www.tunaespana.es\/wp-content\/uploads\/TunaEspana-Caritas-Diocesana-actuacion-benefica-Cordoba-dondudo-Gran-Teatro-300x87.jpg 300w, https:\/\/www.tunaespana.es\/wp-content\/uploads\/TunaEspana-Caritas-Diocesana-actuacion-benefica-Cordoba-dondudo-Gran-Teatro-768x223.jpg 768w\" sizes=\"(max-width: 799px) 100vw, 799px\" \/><\/a><\/p>\n<p>.<\/p>\n<p><a href=\"https:\/\/www.tunaespana.es\/?attachment_id=37045\" rel=\"attachment wp-att-37045\"><img decoding=\"async\" loading=\"lazy\" class=\"aligncenter size-full wp-image-37045\" src=\"https:\/\/www.tunaespana.es\/wp-content\/uploads\/TunaEspana-Caritas-Diocesana-actuacion-benefica-Cordoba-dondudo.jpg\" alt=\"\" width=\"712\" height=\"800\" srcset=\"https:\/\/www.tunaespana.es\/wp-content\/uploads\/TunaEspana-Caritas-Diocesana-actuacion-benefica-Cordoba-dondudo.jpg 712w, https:\/\/www.tunaespana.es\/wp-content\/uploads\/TunaEspana-Caritas-Diocesana-actuacion-benefica-Cordoba-dondudo-267x300.jpg 267w\" sizes=\"(max-width: 712px) 100vw, 712px\" \/><\/a><\/p>\n<p>.<\/p>\n<p><a href=\"https:\/\/www.tunaespana.es\/?attachment_id=37047\" rel=\"attachment wp-att-37047\"><img decoding=\"async\" loading=\"lazy\" class=\"aligncenter size-full wp-image-37047\" src=\"https:\/\/www.tunaespana.es\/wp-content\/uploads\/TunaEspana-Caritas-Diocesana-actuacion-benefica-Cordoba-dondudo-Gran-Teatro-Carlos-Espinosa.jpg\" alt=\"\" width=\"562\" height=\"797\" srcset=\"https:\/\/www.tunaespana.es\/wp-content\/uploads\/TunaEspana-Caritas-Diocesana-actuacion-benefica-Cordoba-dondudo-Gran-Teatro-Carlos-Espinosa.jpg 562w, https:\/\/www.tunaespana.es\/wp-content\/uploads\/TunaEspana-Caritas-Diocesana-actuacion-benefica-Cordoba-dondudo-Gran-Teatro-Carlos-Espinosa-212x300.jpg 212w\" sizes=\"(max-width: 562px) 100vw, 562px\" \/><\/a><\/p>\n<p>.<\/p>\n<blockquote class=\"embedly-card\" data-card-controls=\"1\" data-card-align=\"center\" data-card-theme=\"light\">\n<h4><a href=\"https:\/\/www.cordobahoy.es\/articulo\/cultura\/mas-200-antiguos-tunos-espana-latinoamerica-daran-cordoba-concierto-favor-caritas\/20230203120218131211.html\">M\u00e1s de 200 antiguos tunos de Espa\u00f1a y Latinoam\u00e9rica dar\u00e1n un concierto en favor de C\u00e1ritas C\u00f3rdoba<\/a><\/h4>\n<p>Ser\u00e1 el s\u00e1bado, d\u00eda 11, en el Gran Teatro, a partir de las 18.30<\/p>\n<\/blockquote>\n<p><script async src=\"\/\/cdn.embedly.com\/widgets\/platform.js\" charset=\"UTF-8\"><\/script><\/p>\n<p>.<\/p>\n<p><a href=\"https:\/\/www.tunaespana.es\/?attachment_id=37048\" rel=\"attachment wp-att-37048\"><img decoding=\"async\" loading=\"lazy\" class=\"aligncenter size-full wp-image-37048\" src=\"https:\/\/www.tunaespana.es\/wp-content\/uploads\/TunaEspana-Peru-Lima-actuacion-benefica-DonDudo.jpg\" alt=\"\" width=\"479\" height=\"669\" srcset=\"https:\/\/www.tunaespana.es\/wp-content\/uploads\/TunaEspana-Peru-Lima-actuacion-benefica-DonDudo.jpg 479w, https:\/\/www.tunaespana.es\/wp-content\/uploads\/TunaEspana-Peru-Lima-actuacion-benefica-DonDudo-215x300.jpg 215w\" sizes=\"(max-width: 479px) 100vw, 479px\" \/><\/a><\/p>\n<p>.<\/p>\n<blockquote class=\"embedly-card\" data-card-controls=\"1\" data-card-align=\"center\" data-card-theme=\"light\">\n<h4><a href=\"https:\/\/eimia.uclm.es\/2022\/07\/10\/homenaje-a-la-eimia-tuna-espana\/\">Homenaje a la Escuela de Ingenier\u00eda Minera e Industrial de Almad\u00e9n y al Rector de la UCLM por parte de \u00abTuna Espa\u00f1a\u00bb<\/a><\/h4>\n<p>Durante los d\u00edas 15 y 16 de julio de 2022 y con el motivo del 245 aniversario de la Escuela de Ingenier\u00eda Minera e Industrial de Almad\u00e9n, Tuna Espa\u00f1a ( link) celebrar\u00e1 su \u00bb XVIII Juntamiento\u00bb en la ciudad de Almad\u00e9n.<\/p>\n<\/blockquote>\n<p><script async src=\"\/\/cdn.embedly.com\/widgets\/platform.js\" charset=\"UTF-8\"><\/script><\/p>\n<p><img decoding=\"async\" src=\"https:\/\/eimia.uclm.es\/wp-content\/uploads\/2022\/07\/292874864_1082519849363036_8115227857177036009_n.jpg\" \/><\/p>\n<p>.<\/p>\n<blockquote class=\"embedly-card\" data-card-controls=\"1\" data-card-align=\"center\" data-card-theme=\"light\">\n<h4><a href=\"https:\/\/teatrosanfrancisco.es\/actuacion\/tuna-espana\/\">TUNA ESPA\u00d1A<\/a><\/h4>\n<p>La asociaci\u00f3n TunaEspa\u00f1a comienza su andadura en el a\u00f1o 2010, por la iniciativa de don Carlos Espinosa Celdr\u00e1n, Licenciado en Medicina y Cirug\u00eda, y que fue antiguo tuno de la Tuna de Medicina de la Facultad de Murcia. Personaje insigne en el mundo tunantesco, y que atiende al sobrenombre de \u00abDonDudo\u00bb.<\/p>\n<\/blockquote>\n<p><script async src=\"\/\/cdn.embedly.com\/widgets\/platform.js\" charset=\"UTF-8\"><\/script><\/p>\n<p style=\"text-align: center;\">.<\/p>\n<h2 class=\"titulo mBottom25 mTop5\">Cancelado el concierto solidario de Tuna Espa\u00f1a<\/h2>\n<div id=\"new_content\" class=\"texto\">\n<p>El s\u00e1bado 14 de marzo estaba previsto que\u00a0<strong>Tuna Espa\u00f1a<\/strong>\u00a0ofreciese un concierto solidario a beneficio del proyecto Luz para Ben\u00edn, en el Teatro Unicaja de Salamanca. Como medida preventiva ante el coronavirus la actuaci\u00f3n se ha suspendido.<\/p>\n<p>Este concierto se iba a celebrar con ocasi\u00f3n de la celebraci\u00f3n en la ciudad de Salamanca del XIII Juntamento de Tuna Espa\u00f1a, en el que se iban a congregar m\u00e1s de 200 tunos, de 8 generaciones de las distintas universidades de Espa\u00f1a y de Hispanoam\u00e9rica, con un objetivo solidario.<\/p>\n<p>Las personas que deen recuperar el importe del donativo de la entrada, pueden pasar por el despacho de la Unidad Pastoral Centro Hist\u00f3rico (Plaza de Monterrey, 7-bajo), en horario de 12.30 a 13.30 horas, los lunes, mi\u00e9rcoles y viernes.<\/p>\n<\/div>\n<p style=\"text-align: center;\">\n<blockquote class=\"embedly-card\" data-card-controls=\"1\" data-card-align=\"center\" data-card-theme=\"light\">\n<h4><a href=\"https:\/\/www.diocesisdesalamanca.com\/noticias\/cancelado-el-concierto-solidario-de-tuna-espana\/\">Cancelado el concierto solidario de Tuna Espa\u00f1a &#8211; Di\u00f3cesis de Salamanca<\/a><\/h4>\n<p>No te pierdas este art\u00edculo en la web oficial de la Di\u00f3cesis de Salamanca: Cancelado el concierto solidario de Tuna Espa\u00f1a<\/p>\n<\/blockquote>\n<p><script async src=\"\/\/cdn.embedly.com\/widgets\/platform.js\" charset=\"UTF-8\"><\/script><\/p>\n<blockquote class=\"embedly-card\" data-card-controls=\"1\" data-card-align=\"center\" data-card-theme=\"light\">\n<h4><a href=\"https:\/\/www.diocesisdesalamanca.com\/noticias\/cancelado-el-concierto-solidario-de-tuna-espana\/\">Cancelado el concierto solidario de Tuna Espa\u00f1a &#8211; Di\u00f3cesis de Salamanca<\/a><\/h4>\n<p>No te pierdas este art\u00edculo en la web oficial de la Di\u00f3cesis de Salamanca: Cancelado el concierto solidario de Tuna Espa\u00f1a<\/p>\n<\/blockquote>\n<p><script async src=\"\/\/cdn.embedly.com\/widgets\/platform.js\" charset=\"UTF-8\"><\/script><\/p>\n<p style=\"text-align: center;\"><a href=\"http:\/\/www.tunaespana.es\/?attachment_id=33666\" rel=\"attachment wp-att-33666\"><img decoding=\"async\" loading=\"lazy\" class=\"aligncenter size-full wp-image-33666\" src=\"http:\/\/www.tunaespana.es\/wp-content\/uploads\/2017\/10\/TunaEspa\u00f1a-Concierto-Solidario-Benefico-Carlos-Espinosa-Celdran-Don-Dudo.jpg\" alt=\"TunaEspa\u00f1a, Concierto Solidario, Benefico, Carlos Espinosa Celdran, Don Dudo\" width=\"634\" height=\"896\" srcset=\"https:\/\/www.tunaespana.es\/wp-content\/uploads\/2017\/10\/TunaEspa\u00f1a-Concierto-Solidario-Benefico-Carlos-Espinosa-Celdran-Don-Dudo.jpg 634w, https:\/\/www.tunaespana.es\/wp-content\/uploads\/2017\/10\/TunaEspa\u00f1a-Concierto-Solidario-Benefico-Carlos-Espinosa-Celdran-Don-Dudo-212x300.jpg 212w\" sizes=\"(max-width: 634px) 100vw, 634px\" \/><\/a><\/p>\n<p style=\"text-align: center;\">.<a href=\"http:\/\/www.tunaespana.es\/?attachment_id=33613\" rel=\"attachment wp-att-33613\"><img decoding=\"async\" loading=\"lazy\" class=\"aligncenter size-full wp-image-33613\" src=\"http:\/\/www.tunaespana.es\/wp-content\/uploads\/2017\/10\/juntamento-tunaespa\u00f1a-oviedo-actuacion-benefica-sindrome-de-Down-don-dudo-carlos-espinosa-celdran-colegio-medico.jpg\" alt=\"juntamento-tunaespa\u00f1a-oviedo-actuacion-benefica-sindrome-de-Down-don-dudo-carlos-espinosa-celdran, colegio medico\" width=\"557\" height=\"793\" srcset=\"https:\/\/www.tunaespana.es\/wp-content\/uploads\/2017\/10\/juntamento-tunaespa\u00f1a-oviedo-actuacion-benefica-sindrome-de-Down-don-dudo-carlos-espinosa-celdran-colegio-medico.jpg 557w, https:\/\/www.tunaespana.es\/wp-content\/uploads\/2017\/10\/juntamento-tunaespa\u00f1a-oviedo-actuacion-benefica-sindrome-de-Down-don-dudo-carlos-espinosa-celdran-colegio-medico-211x300.jpg 211w\" sizes=\"(max-width: 557px) 100vw, 557px\" \/><\/a><\/p>\n<p style=\"text-align: center;\">.<a href=\"http:\/\/www.tunaespana.es\/?attachment_id=33269\" rel=\"attachment wp-att-33269\"><img decoding=\"async\" loading=\"lazy\" class=\"aligncenter size-full wp-image-33269\" src=\"http:\/\/www.tunaespana.es\/wp-content\/uploads\/2017\/10\/TunaEspa\u00f1a-actuacion-benefica-juntamento-sevilla.jpg\" alt=\"TunaEspa\u00f1a, actuacion benefica, juntamento sevilla\" width=\"633\" height=\"896\" srcset=\"https:\/\/www.tunaespana.es\/wp-content\/uploads\/2017\/10\/TunaEspa\u00f1a-actuacion-benefica-juntamento-sevilla.jpg 633w, https:\/\/www.tunaespana.es\/wp-content\/uploads\/2017\/10\/TunaEspa\u00f1a-actuacion-benefica-juntamento-sevilla-212x300.jpg 212w\" sizes=\"(max-width: 633px) 100vw, 633px\" \/><\/a><\/p>\n<p style=\"text-align: center;\">.<\/p>\n<p style=\"text-align: center;\"><a href=\"http:\/\/www.tunaespana.es\/?attachment_id=33450\" rel=\"attachment wp-att-33450\"><img decoding=\"async\" loading=\"lazy\" class=\"aligncenter size-full wp-image-33450\" src=\"http:\/\/www.tunaespana.es\/wp-content\/uploads\/2017\/10\/TunaEspa\u00f1aHospital-Virgen-del-Rociojuntamento-Carlos-Espinosa-Celdr\u00e1n-Sevilla.jpg\" alt=\"TunaEspa\u00f1a,Hospital Virgen del Rocio,juntamento, Carlos Espinosa Celdr\u00e1n , Sevilla\" width=\"559\" height=\"791\" srcset=\"https:\/\/www.tunaespana.es\/wp-content\/uploads\/2017\/10\/TunaEspa\u00f1aHospital-Virgen-del-Rociojuntamento-Carlos-Espinosa-Celdr\u00e1n-Sevilla.jpg 559w, https:\/\/www.tunaespana.es\/wp-content\/uploads\/2017\/10\/TunaEspa\u00f1aHospital-Virgen-del-Rociojuntamento-Carlos-Espinosa-Celdr\u00e1n-Sevilla-212x300.jpg 212w\" sizes=\"(max-width: 559px) 100vw, 559px\" \/><\/a><\/p>\n<p style=\"text-align: center;\">.<\/p>\n<blockquote class=\"embedly-card\" data-card-controls=\"1\" data-card-align=\"center\" data-card-theme=\"light\">\n<h4><a href=\"https:\/\/www.fatebenefratelli-isolatiberina.it\/IT\/Press_NewsDetail\/5\/3497\/CONCERTO_DI_SOLIDARIETA_A_SOSTEGNO_DELLA_TERAPIA_INTENSIVA_NEONATALE_DELLISOLA_TIBERINA\">Pagina non trovata | Ospedale Isola Tiberina &#8211; Gemelli Isola<\/a><\/h4>\n<p>404 LA PAGINA CHE HAI RICHIESTO NON ESISTE Clicca qui per tornare alla homepage oppure cerca nel sito. CENTRI DI ECCELENZA ENCICLOPEDIA MEDICA SERVIZI AL PAZIENTE<\/p>\n<\/blockquote>\n<p><script async src=\"\/\/cdn.embedly.com\/widgets\/platform.js\" charset=\"UTF-8\"><\/script><\/p>\n<p style=\"text-align: center;\">.<\/p>\n<blockquote class=\"embedly-card\" data-card-controls=\"1\" data-card-align=\"center\" data-card-theme=\"light\">\n<h4><a href=\"https:\/\/www.youtube.com\/watch?v=Spq55W92o9s\">TunaEspa\u00f1a &#038; Roma &#038; Actuaci\u00f3n Ben\u00e9fica para San Juan de Dios \u00abIsla Tiberina\u00bb &#038; Embajador de Espa\u00f1a<\/a><\/h4>\n<p>Actuacion Ben\u00e9fica de TunaEspa\u00f1a para San Juan de Dios en su sede central en Roma en la \u00abIsla Tiberina\u00bb, con presencia del Embajador de Espa\u00f1a ante la Santa Sede Don Gerardo Angel Bugallo Ottone, del Vice Presidente Operativo, Fra Pascal Ahodegnon, del Direttore Generale dell&#8217;Ospedale, Stefano, Michelini, e del Priore della Comunit\u00e0 Religiosa, Fra \u00c1ngel L\u00f3pez.<\/p>\n<\/blockquote>\n<p><script async src=\"\/\/cdn.embedly.com\/widgets\/platform.js\" charset=\"UTF-8\"><\/script><\/p>\n<p style=\"text-align: center;\">.<img decoding=\"async\" loading=\"lazy\" class=\"aligncenter size-full wp-image-33191\" src=\"http:\/\/www.tunaespana.es\/wp-content\/uploads\/2016\/03\/Oficial-que-hizo-San-Juan-de-DiosTunaEspa\u00f1a-San-Juan-de-Dios-Roma.jpg\" alt=\"Oficial que hizo San Juan de DiosTunaEspa\u00f1a, San Juan de Dios, Roma\" width=\"580\" height=\"807\" srcset=\"https:\/\/www.tunaespana.es\/wp-content\/uploads\/2016\/03\/Oficial-que-hizo-San-Juan-de-DiosTunaEspa\u00f1a-San-Juan-de-Dios-Roma.jpg 580w, https:\/\/www.tunaespana.es\/wp-content\/uploads\/2016\/03\/Oficial-que-hizo-San-Juan-de-DiosTunaEspa\u00f1a-San-Juan-de-Dios-Roma-216x300.jpg 216w\" sizes=\"(max-width: 580px) 100vw, 580px\" \/><\/p>\n<p style=\"text-align: center;\">.<\/p>\n<div style=\"text-align: center;\"><span style=\"color: #cc99ff;\">Arriva all\u2019Isola Tiberina \u201cTuna Espana\u201d, associazione universitaria formata da veterani, studenti, dottori e laureati, provenienti da diverse facolt\u00e0 delle universit\u00e0 spagnole e iberoamericane, che \u2013 in abiti tradizionali del XVI e XVII secolo \u2013 girano il mondo per mantenere viva e far conoscere la tradizione musicale \u201cTuna\u201d.<\/span><\/div>\n<div style=\"text-align: center;\"><span style=\"color: #cc99ff;\">Una vera e propria istituzione, riconosciuta ufficialmente nel 2013 dall\u2019Alto Commissario del Governo Spagnolo per il suo importante contributo nella promozione dell\u2019immagine della Spagna dentro e fuori i confini del paese.<\/span><\/div>\n<div style=\"text-align: center;\"><span style=\"color: #cc99ff;\">L\u2019appuntamento \u00e8 per il\u00a0<b>28 settembre<\/b>\u00a0alle\u00a0<b>ore 18.00<\/b>\u00a0in\u00a0<b>Sala Assunta<\/b>, dove il gruppo musicale \u201cTuna Espana\u201d terr\u00e0 un concerto di beneficenza a sostegno della Terapia Intensiva Neonatale del nostro Ospedale, per l\u2019acquisto di un apparecchio per l\u2019ipotermia terapeutica, terapia impiegata per i neonati con asfissia alla nascita per ridurre la temperatura corporea e il metabolismo cerebrale, al fine di minimizzare i danni cerebrali.<\/span><\/div>\n<p style=\"text-align: center;\">\n<blockquote class=\"embedly-card\" data-card-controls=\"1\" data-card-align=\"center\" data-card-theme=\"light\">\n<h4><a href=\"https:\/\/vimeo.com\/292875182?fbclid=IwAR1aj0WiYRme-UkTBVg1dSkQA9AgsAbhWS8fPXMiWLyXoNqIS5szNjPUR80\">MUSICA E SOLIDARIETA&#8217;<\/a><\/h4>\n<p>Concerto di beneficenza del gruppo ispanico \u00abTuna Espana\u00bb a sostegno della Terapia Intensiva Neonatale dell&#8217;Isola Tiberina<\/p>\n<\/blockquote>\n<p><script async src=\"\/\/cdn.embedly.com\/widgets\/platform.js\" charset=\"UTF-8\"><\/script><\/p>\n<p style=\"text-align: center;\">.<\/p>\n<p style=\"text-align: center;\">.<a href=\"http:\/\/www.tunaespana.es\/?attachment_id=33267\" rel=\"attachment wp-att-33267\"><img decoding=\"async\" loading=\"lazy\" class=\"aligncenter size-full wp-image-33267\" src=\"http:\/\/www.tunaespana.es\/wp-content\/uploads\/2017\/10\/TunaEspa\u00f1a-Isla-Tiberina-San-Juan-de-Dios-Roma-Don-Dudo-90.jpg\" alt=\"TunaEspa\u00f1a, Isla Tiberina, San Juan de Dios Roma, Don Dudo, 90\" width=\"612\" height=\"864\" srcset=\"https:\/\/www.tunaespana.es\/wp-content\/uploads\/2017\/10\/TunaEspa\u00f1a-Isla-Tiberina-San-Juan-de-Dios-Roma-Don-Dudo-90.jpg 612w, https:\/\/www.tunaespana.es\/wp-content\/uploads\/2017\/10\/TunaEspa\u00f1a-Isla-Tiberina-San-Juan-de-Dios-Roma-Don-Dudo-90-213x300.jpg 213w\" sizes=\"(max-width: 612px) 100vw, 612px\" \/><\/a><\/p>\n<p style=\"text-align: center;\">.<span style=\"color: #000000;\"><a href=\"http:\/\/www.tunaespana.es\/?attachment_id=33073\" rel=\"attachment wp-att-33073\"><img decoding=\"async\" loading=\"lazy\" class=\"aligncenter size-full wp-image-33073\" src=\"http:\/\/www.tunaespana.es\/wp-content\/uploads\/2017\/10\/San-Juan-de-DiosTunaEspa\u00f1a-Juntamento-Granada-Don-Dudo-Carlos-ignacio-Espinosa-Celdran.jpg\" alt=\"San Juan de Dios,TunaEspa\u00f1a, Juntamento Granada, Don Dudo, Carlos ignacio Espinosa Celdran,\" width=\"626\" height=\"883\" srcset=\"https:\/\/www.tunaespana.es\/wp-content\/uploads\/2017\/10\/San-Juan-de-DiosTunaEspa\u00f1a-Juntamento-Granada-Don-Dudo-Carlos-ignacio-Espinosa-Celdran.jpg 626w, https:\/\/www.tunaespana.es\/wp-content\/uploads\/2017\/10\/San-Juan-de-DiosTunaEspa\u00f1a-Juntamento-Granada-Don-Dudo-Carlos-ignacio-Espinosa-Celdran-213x300.jpg 213w\" sizes=\"(max-width: 626px) 100vw, 626px\" \/><\/a><\/span><\/p>\n<p style=\"text-align: center;\"><span style=\"color: #000000;\">.<\/span><\/p>\n<p style=\"text-align: center;\"><span style=\"color: #000000;\">.<a href=\"http:\/\/www.tunaespana.es\/?attachment_id=33074\" rel=\"attachment wp-att-33074\"><img decoding=\"async\" loading=\"lazy\" class=\"aligncenter size-full wp-image-33074\" src=\"http:\/\/www.tunaespana.es\/wp-content\/uploads\/2017\/10\/TunaEspa\u00f1a-San-Juan-de-Dios-Granada-Universidad-de-Granada.jpg\" alt=\"TunaEspa\u00f1a, San Juan de Dios Granada, Universidad de Granada\" width=\"726\" height=\"420\" srcset=\"https:\/\/www.tunaespana.es\/wp-content\/uploads\/2017\/10\/TunaEspa\u00f1a-San-Juan-de-Dios-Granada-Universidad-de-Granada.jpg 726w, https:\/\/www.tunaespana.es\/wp-content\/uploads\/2017\/10\/TunaEspa\u00f1a-San-Juan-de-Dios-Granada-Universidad-de-Granada-300x174.jpg 300w\" sizes=\"(max-width: 726px) 100vw, 726px\" \/><\/a><\/span><\/p>\n<p style=\"text-align: center;\"><span style=\"color: #000000;\">.<\/span><\/p>\n<p style=\"text-align: center;\"><span style=\"color: #000000;\">.<a href=\"http:\/\/www.tunaespana.es\/?attachment_id=33075\" rel=\"attachment wp-att-33075\"><img decoding=\"async\" loading=\"lazy\" class=\"aligncenter size-full wp-image-33075\" src=\"http:\/\/www.tunaespana.es\/wp-content\/uploads\/2017\/10\/TunaEspa\u00f1a-San-Juan-de-Dios-Granada-Universidad-de-Granada-Facultad-Ciencias.jpg\" alt=\"TunaEspa\u00f1a, San Juan de Dios Granada, Universidad de Granada, Facultad Ciencias\" width=\"768\" height=\"380\" srcset=\"https:\/\/www.tunaespana.es\/wp-content\/uploads\/2017\/10\/TunaEspa\u00f1a-San-Juan-de-Dios-Granada-Universidad-de-Granada-Facultad-Ciencias.jpg 768w, https:\/\/www.tunaespana.es\/wp-content\/uploads\/2017\/10\/TunaEspa\u00f1a-San-Juan-de-Dios-Granada-Universidad-de-Granada-Facultad-Ciencias-300x148.jpg 300w\" sizes=\"(max-width: 768px) 100vw, 768px\" \/><\/a><\/span><\/p>\n<p style=\"text-align: center;\"><span style=\"color: #000000;\">.<\/span><\/p>\n<p style=\"text-align: center;\"><span style=\"color: #000000;\">.<a href=\"http:\/\/www.tunaespana.es\/?attachment_id=33076\" rel=\"attachment wp-att-33076\"><img decoding=\"async\" loading=\"lazy\" class=\"aligncenter size-full wp-image-33076\" src=\"http:\/\/www.tunaespana.es\/wp-content\/uploads\/2017\/10\/TunaEspa\u00f1a-San-Juan-de-Dios-Granada-Universidad-de-Granada2.jpg\" alt=\"TunaEspa\u00f1a, San Juan de Dios Granada, Universidad de Granada,2\" width=\"672\" height=\"448\" srcset=\"https:\/\/www.tunaespana.es\/wp-content\/uploads\/2017\/10\/TunaEspa\u00f1a-San-Juan-de-Dios-Granada-Universidad-de-Granada2.jpg 672w, https:\/\/www.tunaespana.es\/wp-content\/uploads\/2017\/10\/TunaEspa\u00f1a-San-Juan-de-Dios-Granada-Universidad-de-Granada2-300x200.jpg 300w\" sizes=\"(max-width: 672px) 100vw, 672px\" \/><\/a><\/span><\/p>\n<p style=\"text-align: center;\"><span style=\"color: #000000;\">.<\/span><\/p>\n<p style=\"text-align: center;\"><span style=\"color: #000000;\"><span style=\"color: #ff0000; font-size: 22pt;\"><strong>VALLADOLID<\/strong><\/span><\/span><\/p>\n<p><span style=\"color: #000000;\">.<a href=\"http:\/\/www.diariodevalladolid.es\/noticias\/valladolid\/concierto-solidario-tuna-espana-vivienda-asprona_99272.html\" rel=\"attachment wp-att-32539\"><img decoding=\"async\" loading=\"lazy\" class=\"aligncenter size-full wp-image-32539\" src=\"http:\/\/www.tunaespana.es\/wp-content\/uploads\/2017\/10\/TunaEspa\u00f1a-Carlos-Espinosa-Celdran-DonDudo-Don-Dudo-academia-de-caballeria-de-valladolid-Tuna-Espa\u00f1a-Juntamento-Valladolid.jpg\" alt=\"TunaEspa\u00f1a, Carlos Espinosa Celdran, DonDudo, Don Dudo, academia de caballeria de valladolid, Tuna Espa\u00f1a, Juntamento Valladolid\" width=\"670\" height=\"945\" srcset=\"https:\/\/www.tunaespana.es\/wp-content\/uploads\/2017\/10\/TunaEspa\u00f1a-Carlos-Espinosa-Celdran-DonDudo-Don-Dudo-academia-de-caballeria-de-valladolid-Tuna-Espa\u00f1a-Juntamento-Valladolid.jpg 670w, https:\/\/www.tunaespana.es\/wp-content\/uploads\/2017\/10\/TunaEspa\u00f1a-Carlos-Espinosa-Celdran-DonDudo-Don-Dudo-academia-de-caballeria-de-valladolid-Tuna-Espa\u00f1a-Juntamento-Valladolid-213x300.jpg 213w\" sizes=\"(max-width: 670px) 100vw, 670px\" \/><\/a><\/span><\/p>\n<p><span style=\"color: #000000;\">.<\/span><\/p>\n<blockquote class=\"embedly-card\" data-card-controls=\"1\" data-card-align=\"center\" data-card-theme=\"light\">\n<h4><a href=\"https:\/\/www.youtube.com\/watch?v=76Zd6_D0AuY&#038;list=TLPQMjIwNDIwMjDkSJWPbO-ZBg&#038;index=3\">TunaEspa\u00f1a: Entrada Academia de Caballeria, Valladolid<\/a><\/h4>\n<p>Concierto Ben\u00e9fico, a favor Asprona Valladolid, en la Academia de Caballeria Tuna Espa\u00f1a es una asociaci\u00f3n universitaria, fundada en diciembre de 2010, formada por tunos veteranos nacidos en las 8 \u00faltimas d\u00e9cadas, ayer estudiantes, hoy doctores y licenciados.<\/p>\n<\/blockquote>\n<p><script async src=\"\/\/cdn.embedly.com\/widgets\/platform.js\" charset=\"UTF-8\"><\/script><\/p>\n<p>.<\/p>\n<blockquote class=\"embedly-card\" data-card-controls=\"1\" data-card-align=\"center\" data-card-theme=\"light\">\n<h4><a href=\"https:\/\/diariodevalladolid.elmundo.es\/articulo\/valladolid\/concierto-solidario-tuna-espana-vivienda-asprona\/20171001070000232832.html\">Concierto solidario de Tuna Espa\u00f1a para una vivienda de Asprona<\/a><\/h4>\n<p>Veteranos de la tuna participantes en el V Ajuntamiento organizado por Tuna Espa\u00f1a en Valladolid ofrecieron ayer un recital solidario en la<\/p>\n<\/blockquote>\n<p><script async src=\"\/\/cdn.embedly.com\/widgets\/platform.js\" charset=\"UTF-8\"><\/script><\/p>\n<p><span style=\"color: #000000;\">.<a href=\"http:\/\/www.tunaespana.es\/?attachment_id=32541\" rel=\"attachment wp-att-32541\"><img decoding=\"async\" loading=\"lazy\" class=\"aligncenter size-full wp-image-32541\" src=\"http:\/\/www.tunaespana.es\/wp-content\/uploads\/2017\/10\/TunaEspa\u00f1a-Carlos-Espinosa-Celdran-JuntamentoDon-Dudo-DonDudo-actuacon-benefica-academia-de-caballeria105bcd.jpg\" alt=\"TunaEspa\u00f1a, Carlos Espinosa Celdran, Juntamento,Don Dudo, DonDudo, actuacon benefica, academia de caballeria,105bcd\" width=\"716\" height=\"415\" srcset=\"https:\/\/www.tunaespana.es\/wp-content\/uploads\/2017\/10\/TunaEspa\u00f1a-Carlos-Espinosa-Celdran-JuntamentoDon-Dudo-DonDudo-actuacon-benefica-academia-de-caballeria105bcd.jpg 716w, https:\/\/www.tunaespana.es\/wp-content\/uploads\/2017\/10\/TunaEspa\u00f1a-Carlos-Espinosa-Celdran-JuntamentoDon-Dudo-DonDudo-actuacon-benefica-academia-de-caballeria105bcd-300x174.jpg 300w\" sizes=\"(max-width: 716px) 100vw, 716px\" \/><\/a><\/span><\/p>\n<p style=\"text-align: center;\"><span style=\"color: #000000;\">.<span style=\"font-size: 8pt; color: #ffff00;\">http:\/\/www.diariodevalladolid.es\/noticias\/valladolid\/concierto-solidario-tuna-espana-vivienda-asprona_99272.html<\/span><\/span><\/p>\n<p><span style=\"color: #000000;\">.<a href=\"http:\/\/www.tunaespana.es\/?attachment_id=32542\" rel=\"attachment wp-att-32542\"><img decoding=\"async\" loading=\"lazy\" class=\"aligncenter size-full wp-image-32542\" src=\"http:\/\/www.tunaespana.es\/wp-content\/uploads\/2017\/10\/TunaEspa\u00f1a-Carlos-Espinosa-Celdran-JuntamentoDon-Dudo-DonDudo-actuacon-benefica-academia-de-caballeria104bc.jpg\" alt=\"TunaEspa\u00f1a, Carlos Espinosa Celdran, Juntamento,Don Dudo, DonDudo, actuacon benefica, academia de caballeria,104bc\" width=\"720\" height=\"480\" srcset=\"https:\/\/www.tunaespana.es\/wp-content\/uploads\/2017\/10\/TunaEspa\u00f1a-Carlos-Espinosa-Celdran-JuntamentoDon-Dudo-DonDudo-actuacon-benefica-academia-de-caballeria104bc.jpg 720w, https:\/\/www.tunaespana.es\/wp-content\/uploads\/2017\/10\/TunaEspa\u00f1a-Carlos-Espinosa-Celdran-JuntamentoDon-Dudo-DonDudo-actuacon-benefica-academia-de-caballeria104bc-300x200.jpg 300w\" sizes=\"(max-width: 720px) 100vw, 720px\" \/><\/a><\/span><\/p>\n<p><span style=\"color: #000000;\">.<\/span><\/p>\n<p style=\"text-align: center;\"><span style=\"color: #000000;\">. <span style=\"font-size: 22pt; color: #ff0000;\"><strong>M\u00c1LAGA<\/strong><\/span><\/span><\/p>\n<p><span style=\"color: #000000;\">.<a href=\"https:\/\/www.uma.es\/sala-de-prensa\/noticias\/mas-de-un-centenar-de-tunos-veteranos-celebran-en-malaga-el-v-juntamiento-de-tuna-espana\/\" rel=\"attachment wp-att-32547\"><img decoding=\"async\" loading=\"lazy\" class=\"aligncenter size-full wp-image-32547\" src=\"http:\/\/www.tunaespana.es\/wp-content\/uploads\/2017\/10\/TunaEspa\u00f1a-Don-Dudo-Carlos-Espinosa-celdran-actuacion-benefica-malaga-juntamento-malaga-dondudo01.jpg\" alt=\"TunaEspa\u00f1a, Don Dudo, Carlos Espinosa celdran, actuacion benefica malaga, juntamento malaga, dondudo,01\" width=\"678\" height=\"960\" srcset=\"https:\/\/www.tunaespana.es\/wp-content\/uploads\/2017\/10\/TunaEspa\u00f1a-Don-Dudo-Carlos-Espinosa-celdran-actuacion-benefica-malaga-juntamento-malaga-dondudo01.jpg 678w, https:\/\/www.tunaespana.es\/wp-content\/uploads\/2017\/10\/TunaEspa\u00f1a-Don-Dudo-Carlos-Espinosa-celdran-actuacion-benefica-malaga-juntamento-malaga-dondudo01-212x300.jpg 212w\" sizes=\"(max-width: 678px) 100vw, 678px\" \/><\/a><\/span><\/p>\n<blockquote class=\"embedly-card\" data-card-controls=\"1\" data-card-align=\"center\" data-card-theme=\"light\">\n<h4><a href=\"https:\/\/www.uma.es\/sala-de-prensa\/noticias\/mas-de-un-centenar-de-tunos-veteranos-celebran-en-malaga-el-v-juntamiento-de-tuna-espana\/\">M\u00e1s de un centenar de tunos veteranos celebran en M\u00e1laga el V Juntamiento de Tuna Espa\u00f1a<\/a><\/h4>\n<p>Fecha publicaci\u00f3n: 24\/02\/2017 Categor\u00eda: portada M\u00e1s de un centenar de tunos veteranos procedentes de todos los puntos de Espa\u00f1a, a los que se han unido unos poco integrantes de estudiantinas de M\u00e9xico y Holanda, celebran estos d\u00edas en nuestra ciudad el V Ajuntamiento de Tuna Espa\u00f1a.<\/p>\n<\/blockquote>\n<p><script async src=\"\/\/cdn.embedly.com\/widgets\/platform.js\" charset=\"UTF-8\"><\/script><\/p>\n<blockquote class=\"embedly-card\" data-card-controls=\"1\" data-card-align=\"center\" data-card-theme=\"light\">\n<h4><a href=\"https:\/\/www.youtube.com\/watch?v=hwHFukXNsAU\">Tuna Espa\u00f1a La Rondalla ,Paraninfo Universidad de M\u00e1laga<\/a><\/h4>\n<p>Tuna Espa\u00f1a es una asociaci\u00f3n universitaria, fundada en diciembre de 2010, formada por tunos veteranos nacidos en las 8 \u00faltimas d\u00e9cadas, ayer estudiantes, hoy doctores y licenciados. Sus integrantes proceden de muy diversas facultades de m\u00faltiples Universidades espa\u00f1olas e iberoamericanas, dando cabida a tunos que deseen mantener viva la tradici\u00f3n secular de la tuna.<\/p>\n<\/blockquote>\n<p><script async src=\"\/\/cdn.embedly.com\/widgets\/platform.js\" charset=\"UTF-8\"><\/script><\/p>\n<p style=\"text-align: center;\"><span style=\"color: #000000;\">.<\/span><\/p>\n<p style=\"text-align: center;\"><span style=\"color: #000000;\">.<a href=\"http:\/\/www.tunaespana.es\/?attachment_id=33080\" rel=\"attachment wp-att-33080\"><img decoding=\"async\" loading=\"lazy\" class=\"aligncenter size-full wp-image-33080\" src=\"http:\/\/www.tunaespana.es\/wp-content\/uploads\/2017\/10\/TunaEspa\u00f1a-San-Juan-de-Dios-Granada-Universidad-de-GranadaCarlos-Espinosa-Don-Dudo.jpg\" alt=\"TunaEspa\u00f1a, San Juan de Dios Granada, Universidad de Granada,Carlos Espinosa, Don Dudo\" width=\"623\" height=\"415\" srcset=\"https:\/\/www.tunaespana.es\/wp-content\/uploads\/2017\/10\/TunaEspa\u00f1a-San-Juan-de-Dios-Granada-Universidad-de-GranadaCarlos-Espinosa-Don-Dudo.jpg 623w, https:\/\/www.tunaespana.es\/wp-content\/uploads\/2017\/10\/TunaEspa\u00f1a-San-Juan-de-Dios-Granada-Universidad-de-GranadaCarlos-Espinosa-Don-Dudo-300x200.jpg 300w\" sizes=\"(max-width: 623px) 100vw, 623px\" \/><\/a><\/span><\/p>\n<p style=\"text-align: center;\"><span style=\"color: #000000;\">.<\/span><\/p>\n<p style=\"text-align: center;\"><span style=\"color: #000000;\"><span style=\"color: #ff0000; font-size: 22pt;\"><strong>ZARAGOZA<\/strong><\/span><\/span><\/p>\n<p style=\"text-align: center;\"><span style=\"color: #000000;\">.<a href=\"http:\/\/www.tunaespana.es\/?attachment_id=32576\" rel=\"attachment wp-att-32576\"><img decoding=\"async\" loading=\"lazy\" class=\"aligncenter size-full wp-image-32576\" src=\"http:\/\/www.tunaespana.es\/wp-content\/uploads\/2017\/10\/Carlos-Espinosa-Celdran-Don-Dudo-DonDudo-TunaEspa\u00f1a-Tuna-Espa\u00f1a-Concierto-Benefico-San-Juan-de-Dios.jpg\" alt=\"Carlos Espinosa Celdran, Don Dudo, DonDudo, TunaEspa\u00f1a, Tuna Espa\u00f1a, Concierto Benefico, San Juan de Dios\" width=\"625\" height=\"887\" srcset=\"https:\/\/www.tunaespana.es\/wp-content\/uploads\/2017\/10\/Carlos-Espinosa-Celdran-Don-Dudo-DonDudo-TunaEspa\u00f1a-Tuna-Espa\u00f1a-Concierto-Benefico-San-Juan-de-Dios.jpg 625w, https:\/\/www.tunaespana.es\/wp-content\/uploads\/2017\/10\/Carlos-Espinosa-Celdran-Don-Dudo-DonDudo-TunaEspa\u00f1a-Tuna-Espa\u00f1a-Concierto-Benefico-San-Juan-de-Dios-211x300.jpg 211w\" sizes=\"(max-width: 625px) 100vw, 625px\" \/><\/a><\/span><\/p>\n<p style=\"text-align: center;\"><span style=\"color: #000000;\">.<a href=\"http:\/\/www.hsjdzaragoza.com\/es\/comunicacion\/ya-estan-a-la-venta-las-entradas-del-concierto-benefico-de-tuna-espana-a-favor-de-la-obra-social-del-hospital-de-san-juan-de-dios\" rel=\"attachment wp-att-32551\"><img decoding=\"async\" loading=\"lazy\" class=\"aligncenter size-full wp-image-32551\" src=\"http:\/\/www.tunaespana.es\/wp-content\/uploads\/2017\/10\/TunaEspa\u00f1a-Don-Dudo-DonDudo-Juntamento-Zaragoza-Carlos-I.-Espinosa-Celdran-Acto-Benefico-TunaEspa\u00f1a.jpg\" alt=\"TunaEspa\u00f1a, Don Dudo, DonDudo, Juntamento Zaragoza, Carlos I. Espinosa Celdran, Acto Benefico TunaEspa\u00f1a\" width=\"799\" height=\"470\" srcset=\"https:\/\/www.tunaespana.es\/wp-content\/uploads\/2017\/10\/TunaEspa\u00f1a-Don-Dudo-DonDudo-Juntamento-Zaragoza-Carlos-I.-Espinosa-Celdran-Acto-Benefico-TunaEspa\u00f1a.jpg 799w, https:\/\/www.tunaespana.es\/wp-content\/uploads\/2017\/10\/TunaEspa\u00f1a-Don-Dudo-DonDudo-Juntamento-Zaragoza-Carlos-I.-Espinosa-Celdran-Acto-Benefico-TunaEspa\u00f1a-300x176.jpg 300w, https:\/\/www.tunaespana.es\/wp-content\/uploads\/2017\/10\/TunaEspa\u00f1a-Don-Dudo-DonDudo-Juntamento-Zaragoza-Carlos-I.-Espinosa-Celdran-Acto-Benefico-TunaEspa\u00f1a-768x452.jpg 768w\" sizes=\"(max-width: 799px) 100vw, 799px\" \/><\/a><\/span><\/p>\n<blockquote class=\"embedly-card\" data-card-controls=\"1\" data-card-align=\"center\" data-card-theme=\"light\">\n<h4><a href=\"http:\/\/www.hsjdzaragoza.com\/es\/comunicacion\/ya-estan-a-la-venta-las-entradas-del-concierto-benefico-de-tuna-espana-a-favor-de-la-obra-social-del-hospital-de-san-juan-de-dios\">Home<\/a><\/h4>\n<p>El Hospital San Juan de Dios es un hospital de la Orden Hospitalaria de San Juan de Dios ubicado en el zaragozano distrito de Torrero. Dispone de 188 camas y desde 2003 tiene un convenio de colaboraci\u00f3n con el Servicio Aragon\u00e9s de Salud<\/p>\n<\/blockquote>\n<p><script async src=\"\/\/cdn.embedly.com\/widgets\/platform.js\" charset=\"UTF-8\"><\/script><\/p>\n<p style=\"text-align: center;\"><a href=\"http:\/\/www.tunaespana.es\/?attachment_id=32552\" rel=\"attachment wp-att-32552\"><img decoding=\"async\" loading=\"lazy\" class=\"aligncenter size-full wp-image-32552\" src=\"http:\/\/www.tunaespana.es\/wp-content\/uploads\/2017\/10\/TunaEspa\u00f1a-Don-Dudo-DonDudo-Juntamento-Zaragoza-Carlos-I.-Espinosa-Celdran-Acto-Benefico-TunaEspa\u00f1a-Orden-San-Juan-de-Dios.jpg\" alt=\"TunaEspa\u00f1a, Don Dudo, DonDudo, Juntamento Zaragoza, Carlos I. Espinosa Celdran, Acto Benefico TunaEspa\u00f1a, Orden San Juan de Dios\" width=\"474\" height=\"313\" srcset=\"https:\/\/www.tunaespana.es\/wp-content\/uploads\/2017\/10\/TunaEspa\u00f1a-Don-Dudo-DonDudo-Juntamento-Zaragoza-Carlos-I.-Espinosa-Celdran-Acto-Benefico-TunaEspa\u00f1a-Orden-San-Juan-de-Dios.jpg 474w, https:\/\/www.tunaespana.es\/wp-content\/uploads\/2017\/10\/TunaEspa\u00f1a-Don-Dudo-DonDudo-Juntamento-Zaragoza-Carlos-I.-Espinosa-Celdran-Acto-Benefico-TunaEspa\u00f1a-Orden-San-Juan-de-Dios-300x198.jpg 300w\" sizes=\"(max-width: 474px) 100vw, 474px\" \/><\/a><\/p>\n<p style=\"text-align: center;\"><span style=\"font-size: 6pt; color: #ffff00;\">https:\/\/solidaritat.santjoandedeu.org\/es\/actualidad\/tuna-espana-realiza-concierto-solidario-favor-del-hospital-san-juan-dios-zaragoza<\/span><\/p>\n<p style=\"text-align: center;\"><span style=\"color: #ffff00;\">https:\/\/solidaritat.santjoandedeu.org\/es\/tags\/tuna-espana<\/span><\/p>\n<p style=\"text-align: center;\"><span style=\"color: #ffff00; font-size: 6pt;\">http:\/\/www.hsjdzaragoza.com\/es\/comunicacion\/ya-estan-a-la-venta-las-entradas-del-concierto-benefico-de-tuna-espana-a-favor-de-la-obra-social-del-hospital-de-san-juan-de-dios<\/span><\/p>\n<p>&nbsp;<\/p>\n<p style=\"text-align: center;\"><span style=\"color: #000000;\">.<a href=\"http:\/\/www.tunaespana.es\/?attachment_id=32566\" rel=\"attachment wp-att-32566\"><img decoding=\"async\" loading=\"lazy\" class=\"aligncenter size-full wp-image-32566\" src=\"http:\/\/www.tunaespana.es\/wp-content\/uploads\/2017\/10\/Tuna-Espa\u00f1a-TunaEspa\u00f1a-Concierto-Benefico-Carlos-Espinosa-Celdran-Don-Dudo-DonDudo.jpg\" alt=\"Tuna Espa\u00f1a, TunaEspa\u00f1a, Concierto Benefico, Carlos Espinosa Celdran, Don Dudo, DonDudo\" width=\"637\" height=\"896\" srcset=\"https:\/\/www.tunaespana.es\/wp-content\/uploads\/2017\/10\/Tuna-Espa\u00f1a-TunaEspa\u00f1a-Concierto-Benefico-Carlos-Espinosa-Celdran-Don-Dudo-DonDudo.jpg 637w, https:\/\/www.tunaespana.es\/wp-content\/uploads\/2017\/10\/Tuna-Espa\u00f1a-TunaEspa\u00f1a-Concierto-Benefico-Carlos-Espinosa-Celdran-Don-Dudo-DonDudo-213x300.jpg 213w\" sizes=\"(max-width: 637px) 100vw, 637px\" \/><\/a><\/span><\/p>\n<p style=\"text-align: center;\"><span style=\"color: #000000;\">.<\/span><\/p>\n<p style=\"text-align: center;\">.<a href=\"http:\/\/www.tunaespana.es\/?attachment_id=33083\" rel=\"attachment wp-att-33083\"><img decoding=\"async\" loading=\"lazy\" class=\"aligncenter size-full wp-image-33083\" src=\"http:\/\/www.tunaespana.es\/wp-content\/uploads\/2017\/10\/TunaEspa\u00f1a-Academia-Caballeria-Universidad-de-Valladolid-Carlos-Espinosa-Don-Dudo4.jpg\" alt=\"TunaEspa\u00f1a, Academia Caballeria, Universidad de Valladolid, Carlos Espinosa, Don Dudo,4\" width=\"841\" height=\"193\" srcset=\"https:\/\/www.tunaespana.es\/wp-content\/uploads\/2017\/10\/TunaEspa\u00f1a-Academia-Caballeria-Universidad-de-Valladolid-Carlos-Espinosa-Don-Dudo4.jpg 841w, https:\/\/www.tunaespana.es\/wp-content\/uploads\/2017\/10\/TunaEspa\u00f1a-Academia-Caballeria-Universidad-de-Valladolid-Carlos-Espinosa-Don-Dudo4-300x69.jpg 300w, https:\/\/www.tunaespana.es\/wp-content\/uploads\/2017\/10\/TunaEspa\u00f1a-Academia-Caballeria-Universidad-de-Valladolid-Carlos-Espinosa-Don-Dudo4-768x176.jpg 768w\" sizes=\"(max-width: 841px) 100vw, 841px\" \/><\/a><\/p>\n<p style=\"text-align: center;\">.<\/p>\n<p style=\"text-align: center;\">.<a href=\"http:\/\/www.tunaespana.es\/?attachment_id=33084\" rel=\"attachment wp-att-33084\"><img decoding=\"async\" loading=\"lazy\" class=\"aligncenter size-full wp-image-33084\" src=\"http:\/\/www.tunaespana.es\/wp-content\/uploads\/2017\/10\/TunaEspa\u00f1a-San-Juan-de-Dios-Granada-Universidad-de-GranadaCarlos-Espinosa-Don-Dudo3.jpg\" alt=\"TunaEspa\u00f1a, San Juan de Dios Granada, Universidad de Granada,Carlos Espinosa, Don Dudo,3\" width=\"611\" height=\"364\" srcset=\"https:\/\/www.tunaespana.es\/wp-content\/uploads\/2017\/10\/TunaEspa\u00f1a-San-Juan-de-Dios-Granada-Universidad-de-GranadaCarlos-Espinosa-Don-Dudo3.jpg 611w, https:\/\/www.tunaespana.es\/wp-content\/uploads\/2017\/10\/TunaEspa\u00f1a-San-Juan-de-Dios-Granada-Universidad-de-GranadaCarlos-Espinosa-Don-Dudo3-300x179.jpg 300w\" sizes=\"(max-width: 611px) 100vw, 611px\" \/><\/a><\/p>\n<p style=\"text-align: center;\">.<\/p>\n<p style=\"text-align: center;\">.<a href=\"http:\/\/www.tunaespana.es\/?attachment_id=33085\" rel=\"attachment wp-att-33085\"><img decoding=\"async\" loading=\"lazy\" class=\"aligncenter size-full wp-image-33085\" src=\"http:\/\/www.tunaespana.es\/wp-content\/uploads\/2017\/10\/TunaEspa\u00f1a-Virgen-de-las-Angustias-Granada-Universidad-de-GranadaCarlos-Espinosa-Don-Dudo.jpg\" alt=\"TunaEspa\u00f1a, Virgen de las Angustias Granada, Universidad de Granada,Carlos Espinosa, Don Dudo\" width=\"768\" height=\"512\" srcset=\"https:\/\/www.tunaespana.es\/wp-content\/uploads\/2017\/10\/TunaEspa\u00f1a-Virgen-de-las-Angustias-Granada-Universidad-de-GranadaCarlos-Espinosa-Don-Dudo.jpg 768w, https:\/\/www.tunaespana.es\/wp-content\/uploads\/2017\/10\/TunaEspa\u00f1a-Virgen-de-las-Angustias-Granada-Universidad-de-GranadaCarlos-Espinosa-Don-Dudo-300x200.jpg 300w\" sizes=\"(max-width: 768px) 100vw, 768px\" \/><\/a><\/p>\n<p style=\"text-align: center;\">.<\/p>\n<p style=\"text-align: center;\">.<a href=\"http:\/\/www.tunaespana.es\/?attachment_id=33086\" rel=\"attachment wp-att-33086\"><img decoding=\"async\" loading=\"lazy\" class=\"aligncenter size-full wp-image-33086\" src=\"http:\/\/www.tunaespana.es\/wp-content\/uploads\/2017\/10\/TunaEspa\u00f1a-Virgen-de-las-Angustias-Granada-Universidad-de-GranadaCarlos-Espinosa-Don-Dudo-Don-Chulin.jpg\" alt=\"TunaEspa\u00f1a, Virgen de las Angustias Granada, Universidad de Granada,Carlos Espinosa, Don Dudo, Don Chulin\" width=\"512\" height=\"512\" srcset=\"https:\/\/www.tunaespana.es\/wp-content\/uploads\/2017\/10\/TunaEspa\u00f1a-Virgen-de-las-Angustias-Granada-Universidad-de-GranadaCarlos-Espinosa-Don-Dudo-Don-Chulin.jpg 512w, https:\/\/www.tunaespana.es\/wp-content\/uploads\/2017\/10\/TunaEspa\u00f1a-Virgen-de-las-Angustias-Granada-Universidad-de-GranadaCarlos-Espinosa-Don-Dudo-Don-Chulin-150x150.jpg 150w, https:\/\/www.tunaespana.es\/wp-content\/uploads\/2017\/10\/TunaEspa\u00f1a-Virgen-de-las-Angustias-Granada-Universidad-de-GranadaCarlos-Espinosa-Don-Dudo-Don-Chulin-300x300.jpg 300w\" sizes=\"(max-width: 512px) 100vw, 512px\" \/><\/a><\/p>\n<p style=\"text-align: center;\"><span style=\"color: #000000;\">.<\/span><\/p>\n<p style=\"text-align: center;\"><span style=\"color: #000000;\">.<a href=\"http:\/\/www.tunaespana.es\/?attachment_id=33094\" rel=\"attachment wp-att-33094\"><img decoding=\"async\" loading=\"lazy\" class=\"aligncenter size-full wp-image-33094\" src=\"http:\/\/www.tunaespana.es\/wp-content\/uploads\/2017\/10\/TunaEspa\u00f1a-Carlos-Espinosa-Celdran-DonDudo-Don-Dudo-Carlos-Almaguer2.jpg\" alt=\"TunaEspa\u00f1a-Carlos-Espinosa-Celdran-DonDudo-Don-Dudo-Carlos Almaguer2\" width=\"611\" height=\"356\" srcset=\"https:\/\/www.tunaespana.es\/wp-content\/uploads\/2017\/10\/TunaEspa\u00f1a-Carlos-Espinosa-Celdran-DonDudo-Don-Dudo-Carlos-Almaguer2.jpg 611w, https:\/\/www.tunaespana.es\/wp-content\/uploads\/2017\/10\/TunaEspa\u00f1a-Carlos-Espinosa-Celdran-DonDudo-Don-Dudo-Carlos-Almaguer2-300x175.jpg 300w\" sizes=\"(max-width: 611px) 100vw, 611px\" \/><\/a><\/span><\/p>\n<p style=\"text-align: center;\"><span style=\"color: #000000;\">.<\/span><\/p>\n<p style=\"text-align: center;\"><span style=\"color: #000000;\">.<a href=\"http:\/\/www.tunaespana.es\/?attachment_id=33095\" rel=\"attachment wp-att-33095\"><img decoding=\"async\" loading=\"lazy\" class=\"aligncenter size-full wp-image-33095\" src=\"http:\/\/www.tunaespana.es\/wp-content\/uploads\/2017\/10\/TunaEspa\u00f1a-Carlos-Espinosa-Celdran-DonDudo-Don-Dudo-Paco-Villar.jpg\" alt=\"TunaEspa\u00f1a-Carlos-Espinosa-Celdran-DonDudo-Don-Dudo-Paco Villar\" width=\"692\" height=\"461\" srcset=\"https:\/\/www.tunaespana.es\/wp-content\/uploads\/2017\/10\/TunaEspa\u00f1a-Carlos-Espinosa-Celdran-DonDudo-Don-Dudo-Paco-Villar.jpg 692w, https:\/\/www.tunaespana.es\/wp-content\/uploads\/2017\/10\/TunaEspa\u00f1a-Carlos-Espinosa-Celdran-DonDudo-Don-Dudo-Paco-Villar-300x200.jpg 300w\" sizes=\"(max-width: 692px) 100vw, 692px\" \/><\/a><\/span><\/p>\n<p style=\"text-align: center;\"><span style=\"color: #000000;\">.<\/span><\/p>\n<p style=\"text-align: center;\"><span style=\"color: #000000;\">\u00a0<\/span><\/p>\n","protected":false},"excerpt":{"rendered":"<p>. TUNA ESPA\u00d1A &#8211; BEN\u00c9FICO A FAVOR DE LA ASOCIACI\u00d3N ANDA CONCIERTO BEN\u00c9FICO A FAVOR DE LA ASOCIACI\u00d3N DE NI\u00d1OS CON DISCAPACIDAD DE ALMER\u00cdA . . . TunaEspa\u00f1a &#038; Gran Teatro &#038; (resumen) Concierto Ben\u00e9fico para C\u00e1ritas Diocesana C\u00f3rdoba Concierto de TunaEspa\u00f1a en el Gran Teatro \u00abC\u00f3rdoba\u00bb, Espa\u00f1a, de 90 minutos. Llenazo Completo, Ni una [&hellip;]<\/p>\n","protected":false},"author":2,"featured_media":0,"parent":0,"menu_order":0,"comment_status":"closed","ping_status":"closed","template":"","meta":[],"_links":{"self":[{"href":"https:\/\/www.tunaespana.es\/index.php?rest_route=\/wp\/v2\/pages\/32538"}],"collection":[{"href":"https:\/\/www.tunaespana.es\/index.php?rest_route=\/wp\/v2\/pages"}],"about":[{"href":"https:\/\/www.tunaespana.es\/index.php?rest_route=\/wp\/v2\/types\/page"}],"author":[{"embeddable":true,"href":"https:\/\/www.tunaespana.es\/index.php?rest_route=\/wp\/v2\/users\/2"}],"replies":[{"embeddable":true,"href":"https:\/\/www.tunaespana.es\/index.php?rest_route=%2Fwp%2Fv2%2Fcomments&post=32538"}],"version-history":[{"count":40,"href":"https:\/\/www.tunaespana.es\/index.php?rest_route=\/wp\/v2\/pages\/32538\/revisions"}],"predecessor-version":[{"id":39063,"href":"https:\/\/www.tunaespana.es\/index.php?rest_route=\/wp\/v2\/pages\/32538\/revisions\/39063"}],"wp:attachment":[{"href":"https:\/\/www.tunaespana.es\/index.php?rest_route=%2Fwp%2Fv2%2Fmedia&parent=32538"}],"curies":[{"name":"wp","href":"https:\/\/api.w.org\/{rel}","templated":true}]}}